{"id":737,"date":"2021-10-08T09:58:24","date_gmt":"2021-10-08T07:58:24","guid":{"rendered":"https:\/\/kinderbetreuung-neutraubling.de\/kindergarten-sausewind\/?page_id=737"},"modified":"2026-03-05T09:34:23","modified_gmt":"2026-03-05T08:34:23","slug":"das-war-bei-uns-los","status":"publish","type":"page","link":"https:\/\/kinderbetreuung-neutraubling.de\/kindergarten-sausewind\/das-war-bei-uns-los\/","title":{"rendered":"Das war bei uns los &#8230;"},"content":{"rendered":"\n<h2>Februar 2026 <\/h2>\n\n\n<div class=\"wp-block-image\">\n<figure class=\"aligncenter size-full is-resized\"><img decoding=\"async\" loading=\"lazy\" src=\"https:\/\/kinderbetreuung-neutraubling.de\/kindergarten-sausewind\/wp-content\/uploads\/sites\/4\/2026\/03\/Monatsrueckblick_FEbruar.png\" alt=\"\" class=\"wp-image-1506\" width=\"698\" height=\"987\" srcset=\"https:\/\/kinderbetreuung-neutraubling.de\/kindergarten-sausewind\/wp-content\/uploads\/sites\/4\/2026\/03\/Monatsrueckblick_FEbruar.png 642w, https:\/\/kinderbetreuung-neutraubling.de\/kindergarten-sausewind\/wp-content\/uploads\/sites\/4\/2026\/03\/Monatsrueckblick_FEbruar-212x300.png 212w\" sizes=\"(max-width: 698px) 100vw, 698px\" \/><\/figure><\/div>\n\n\n<h2>Januar 2026 <\/h2>\n\n\n\n<p><strong>Winterimpressionen &#8211; Partnergruppenaktionen &#8211; Polizeibesuch<\/strong> <\/p>\n\n\n\n<p>Das neue Jahr begann zur gro\u00dfen Freude aller endlich mal wieder mit einem echten Winter &#8211; und zwar mit so richtig viel Schnee! Die Kinder wurden gar nicht m\u00fcde, drau\u00dfen die unterschiedlichsten Schneefiguren zu bauen! Mit frostig roten Nasen &#8211; aber gl\u00fccklich &#8211; rutschten sie den kleinen Berg hinab, kneteten Schneeb\u00e4lle in allen Gr\u00f6\u00dfen und Formen oder tollten einfach nur ausgelassen herum. Neue und bekannte Winterlieder, T\u00e4nze, Spiele und Geschichten, aber auch fr\u00f6hliche Darstellungen ihrer sch\u00f6nen Erlebnisse geh\u00f6rten nat\u00fcrlich in allen Gruppen mit dazu. Somit war der Winter mit all seinen Spiel- und Lernm\u00f6glichkeiten im Januar Thema Nummer eins in allen Gruppen.<\/p>\n\n\n<div class=\"wp-block-image\">\n<figure class=\"aligncenter size-full is-resized\"><img decoding=\"async\" loading=\"lazy\" src=\"https:\/\/kinderbetreuung-neutraubling.de\/kindergarten-sausewind\/wp-content\/uploads\/sites\/4\/2026\/02\/Winter.png\" alt=\"\" class=\"wp-image-1499\" width=\"515\" height=\"445\" srcset=\"https:\/\/kinderbetreuung-neutraubling.de\/kindergarten-sausewind\/wp-content\/uploads\/sites\/4\/2026\/02\/Winter.png 802w, https:\/\/kinderbetreuung-neutraubling.de\/kindergarten-sausewind\/wp-content\/uploads\/sites\/4\/2026\/02\/Winter-300x259.png 300w, https:\/\/kinderbetreuung-neutraubling.de\/kindergarten-sausewind\/wp-content\/uploads\/sites\/4\/2026\/02\/Winter-768x664.png 768w\" sizes=\"(max-width: 515px) 100vw, 515px\" \/><\/figure><\/div>\n\n\n<p>Zus\u00e4tzlich wurden auch wieder neue Kinder aufgenommen, es fanden unterschiedliche Partnergruppenaktionen sowie die bekannten Vorkurse \u201eDeutsch\u201c statt, und das Freispiel bot wie immer die tollsten Spielm\u00f6glichkeiten.<\/p>\n\n\n<div class=\"wp-block-image\">\n<figure class=\"aligncenter size-full is-resized\"><img decoding=\"async\" loading=\"lazy\" src=\"https:\/\/kinderbetreuung-neutraubling.de\/kindergarten-sausewind\/wp-content\/uploads\/sites\/4\/2026\/02\/Partnergruppenaktion-.png\" alt=\"\" class=\"wp-image-1501\" width=\"487\" height=\"323\" srcset=\"https:\/\/kinderbetreuung-neutraubling.de\/kindergarten-sausewind\/wp-content\/uploads\/sites\/4\/2026\/02\/Partnergruppenaktion-.png 651w, https:\/\/kinderbetreuung-neutraubling.de\/kindergarten-sausewind\/wp-content\/uploads\/sites\/4\/2026\/02\/Partnergruppenaktion--300x199.png 300w\" sizes=\"(max-width: 487px) 100vw, 487px\" \/><\/figure><\/div>\n\n\n<p>Ein aufregendes Ereignis war im Januar auch der Besuch eines echten Polizisten in unserem Kindergarten! Neugierig bestaunten die Kinder das gro\u00dfe Polizeiauto, die Sirene und auch das Blaulicht. Der Polizist zeigte den Kindern seine Uniform und erkl\u00e4rte ihnen, warum ein Polizist bestimmte Dinge immer mit sich tragen muss. Die Vorschulkinder lernten auch, wie man sicher \u00fcber die Stra\u00dfe geht.<\/p>\n\n\n<div class=\"wp-block-image\">\n<figure class=\"aligncenter size-full is-resized\"><img decoding=\"async\" loading=\"lazy\" src=\"https:\/\/kinderbetreuung-neutraubling.de\/kindergarten-sausewind\/wp-content\/uploads\/sites\/4\/2026\/02\/Polizei.png\" alt=\"\" class=\"wp-image-1502\" width=\"432\" height=\"323\" srcset=\"https:\/\/kinderbetreuung-neutraubling.de\/kindergarten-sausewind\/wp-content\/uploads\/sites\/4\/2026\/02\/Polizei.png 617w, https:\/\/kinderbetreuung-neutraubling.de\/kindergarten-sausewind\/wp-content\/uploads\/sites\/4\/2026\/02\/Polizei-300x225.png 300w\" sizes=\"(max-width: 432px) 100vw, 432px\" \/><\/figure><\/div>\n\n\n<p>Alles in allem war der Januar f\u00fcr alle ein prima Jahresbeginn!<\/p>\n\n\n\n<p>Bilder und Text: Anke Fischer <\/p>\n\n\n\n<hr class=\"wp-block-separator has-alpha-channel-opacity\" \/>\n\n\n\n<h2>Dezember 2025<\/h2>\n\n\n\n<div class=\"wp-block-media-text alignwide is-stacked-on-mobile\" style=\"grid-template-columns:36% auto\"><figure class=\"wp-block-media-text__media\"><img decoding=\"async\" loading=\"lazy\" width=\"768\" height=\"1024\" src=\"https:\/\/kinderbetreuung-neutraubling.de\/kindergarten-sausewind\/wp-content\/uploads\/sites\/4\/2026\/01\/Foto_Dezember--768x1024.jpg\" alt=\"\" class=\"wp-image-1491 size-full\" srcset=\"https:\/\/kinderbetreuung-neutraubling.de\/kindergarten-sausewind\/wp-content\/uploads\/sites\/4\/2026\/01\/Foto_Dezember--768x1024.jpg 768w, https:\/\/kinderbetreuung-neutraubling.de\/kindergarten-sausewind\/wp-content\/uploads\/sites\/4\/2026\/01\/Foto_Dezember--225x300.jpg 225w, https:\/\/kinderbetreuung-neutraubling.de\/kindergarten-sausewind\/wp-content\/uploads\/sites\/4\/2026\/01\/Foto_Dezember--1152x1536.jpg 1152w, https:\/\/kinderbetreuung-neutraubling.de\/kindergarten-sausewind\/wp-content\/uploads\/sites\/4\/2026\/01\/Foto_Dezember--1536x2048.jpg 1536w, https:\/\/kinderbetreuung-neutraubling.de\/kindergarten-sausewind\/wp-content\/uploads\/sites\/4\/2026\/01\/Foto_Dezember--scaled.jpg 1920w\" sizes=\"(max-width: 768px) 100vw, 768px\" \/><\/figure><div class=\"wp-block-media-text__content\">\n<p><strong>Weihnachtszauber und Pl\u00e4tzchenduft im St\u00e4dt. Kindergarten Sausewind<\/strong><\/p>\n\n\n\n<p>Im st\u00e4dt. Kindergarten Sausewind wurde die Vorweihnachtszeit wieder stimmungsvoll gestaltet. Ab dem 1. Dezember entstand ein liebevoll gestalteter Fenster-Adventskalender, bei dem jeden Tag ein neues weihnachtlich dekoriertes Fenster enth\u00fcllt wurde.<\/p>\n\n\n\n<p>Auch der Nikolaus besuchte die Kinder wieder, erz\u00e4hlte eine kurzweilige Geschichte und brachte nat\u00fcrlich auch kleine Geschenke mit.<\/p>\n\n\n\n<p>Obwohl die geplante Weihnachtsfeier f\u00fcr die Eltern aufgrund einer Krankheitswelle im Team leider ausfallen musste, backten die Kinder gemeinsam mit ihren Erzieherinnen flei\u00dfig Pl\u00e4tzchen und bereiteten sich auf eine gem\u00fctliche gruppeninterne Feier vor zu der das Christkind auch f\u00fcr jede Gruppe einige Geschenke brachte.<\/p>\n\n\n\n<p>Zus\u00e4tzlich schm\u00fcckten die Kinder einen Weihnachtsbaum f\u00fcr die Neutraublinger Christbaummeile und genossen insgesamt eine sch\u00f6ne Adventszeit.<\/p>\n\n\n\n<p>Bild und Text: Nicole Rempter <\/p>\n<\/div><\/div>\n\n\n\n<hr class=\"wp-block-separator has-alpha-channel-opacity\" \/>\n\n\n\n<h2>November 2025<\/h2>\n\n\n\n<div class=\"wp-block-media-text alignwide is-stacked-on-mobile\" style=\"grid-template-columns:35% auto\"><figure class=\"wp-block-media-text__media\"><img decoding=\"async\" loading=\"lazy\" width=\"768\" height=\"1024\" src=\"https:\/\/kinderbetreuung-neutraubling.de\/kindergarten-sausewind\/wp-content\/uploads\/sites\/4\/2026\/01\/Bild_Buergermeister-768x1024.jpg\" alt=\"\" class=\"wp-image-1489 size-full\" srcset=\"https:\/\/kinderbetreuung-neutraubling.de\/kindergarten-sausewind\/wp-content\/uploads\/sites\/4\/2026\/01\/Bild_Buergermeister-768x1024.jpg 768w, https:\/\/kinderbetreuung-neutraubling.de\/kindergarten-sausewind\/wp-content\/uploads\/sites\/4\/2026\/01\/Bild_Buergermeister-225x300.jpg 225w, https:\/\/kinderbetreuung-neutraubling.de\/kindergarten-sausewind\/wp-content\/uploads\/sites\/4\/2026\/01\/Bild_Buergermeister-1152x1536.jpg 1152w, https:\/\/kinderbetreuung-neutraubling.de\/kindergarten-sausewind\/wp-content\/uploads\/sites\/4\/2026\/01\/Bild_Buergermeister-1536x2048.jpg 1536w, https:\/\/kinderbetreuung-neutraubling.de\/kindergarten-sausewind\/wp-content\/uploads\/sites\/4\/2026\/01\/Bild_Buergermeister-scaled.jpg 1920w\" sizes=\"(max-width: 768px) 100vw, 768px\" \/><\/figure><div class=\"wp-block-media-text__content\">\n<p><strong>Vorlesetag im st\u00e4dtischen Kindergarten<\/strong> <strong>Sausewind<\/strong><\/p>\n\n\n\n<p>Anl\u00e4sslich des Vorlesetages durften wir bei uns im Kindergarten einen ganz besonderen Gast begr\u00fc\u00dfen: <\/p>\n\n\n\n<p>Unser Herr B\u00fcrgermeister Stadler nahm sich Zeit, um den Kindern vorzulesen. Mit viel Freude und Engagement las er den Kindern die Geschichte vom Superwurm vor. <\/p>\n\n\n\n<p>Die Kinder h\u00f6rten gespannt zu, lachten, staunten und waren mit gro\u00dfer Begeisterung dabei. F\u00fcr alle war es ein wundersch\u00f6nes Erlebnis und eine tolle Aktion, die gezeigt hat, wie viel Freude gemeinsames Lesen bereiten kann. <\/p>\n\n\n\n<p>Ein herzliches Dankesch\u00f6n f\u00fcr diesen besonderen Vorlesetag! <\/p>\n\n\n\n<p>Foto: Christina Ott \/ Text: Nicole Rempter <\/p>\n<\/div><\/div>\n\n\n\n<div class=\"wp-block-media-text alignwide is-stacked-on-mobile\" style=\"grid-template-columns:35% auto\"><figure class=\"wp-block-media-text__media\"><img decoding=\"async\" loading=\"lazy\" width=\"1024\" height=\"1024\" src=\"https:\/\/kinderbetreuung-neutraubling.de\/kindergarten-sausewind\/wp-content\/uploads\/sites\/4\/2026\/01\/Foto_November-1024x1024.jpg\" alt=\"\" class=\"wp-image-1485 size-full\" srcset=\"https:\/\/kinderbetreuung-neutraubling.de\/kindergarten-sausewind\/wp-content\/uploads\/sites\/4\/2026\/01\/Foto_November-1024x1024.jpg 1024w, https:\/\/kinderbetreuung-neutraubling.de\/kindergarten-sausewind\/wp-content\/uploads\/sites\/4\/2026\/01\/Foto_November-300x300.jpg 300w, https:\/\/kinderbetreuung-neutraubling.de\/kindergarten-sausewind\/wp-content\/uploads\/sites\/4\/2026\/01\/Foto_November-150x150.jpg 150w, https:\/\/kinderbetreuung-neutraubling.de\/kindergarten-sausewind\/wp-content\/uploads\/sites\/4\/2026\/01\/Foto_November-768x768.jpg 768w, https:\/\/kinderbetreuung-neutraubling.de\/kindergarten-sausewind\/wp-content\/uploads\/sites\/4\/2026\/01\/Foto_November-1536x1536.jpg 1536w, https:\/\/kinderbetreuung-neutraubling.de\/kindergarten-sausewind\/wp-content\/uploads\/sites\/4\/2026\/01\/Foto_November-2048x2048.jpg 2048w, https:\/\/kinderbetreuung-neutraubling.de\/kindergarten-sausewind\/wp-content\/uploads\/sites\/4\/2026\/01\/Foto_November-600x600.jpg 600w\" sizes=\"(max-width: 1024px) 100vw, 1024px\" \/><\/figure><div class=\"wp-block-media-text__content\">\n<p><strong>Lichterglanz und Gemeinschaft beim St. Martinsfest im Kindergarten Sausewind<\/strong><\/p>\n\n\n\n<p>Warmes Licht, fr\u00f6hliche Ges\u00e4nge und leuchtende Kinderaugen pr\u00e4gten das diesj\u00e4hrige St. Martinsfest im Kindergarten Sausewind. Gegen 17.00 Uhr versammelten sich die Kinder, Eltern und Erzieherinnen im liebevoll geschm\u00fccktem Au\u00dfengel\u00e4nde des Kindergartens zu einem harmonischen Beisammensein. Bei Kinderpunsch und Lebkuchen genossen alle die gem\u00fctliche Atmosph\u00e4re, bevor die Kinder mit traditionellen St. Martinsliedern und einer kleinen Auff\u00fchrung begeisterten.<\/p>\n\n\n\n<p>Im Anschluss zogen die Kinder mit ihren bunt leuchtenden Laternen durch die Stra\u00dfen in Richtung Marktplatz. Dort wurde noch einmal gemeinsam gesungen, bevor sich der Zug wieder zur\u00fcck zum Kindergarten bewegte. Zum Abschluss erhielt jedes Kind einen selbstgebackenen Keks in Form einer St. Martinsgans.<\/p>\n\n\n\n<p>Demn\u00e4chst d\u00fcrfen sich auch die Bewohnerinnen und Bewohner des benachbarten Seniorenheims freuen: Die Kinder des Kindergartens Sausewind planen, ihre Lieder und Laternen dort nochmal vorzuf\u00fchren und so Licht und Freude weiterzugeben \u2013 ganz im Sinne des Heiligen Martin.&nbsp;<\/p>\n\n\n\n<p>Bild: Ardita Bajrami \/ Text: Nicole Rempter<\/p>\n<\/div><\/div>\n\n\n\n<hr class=\"wp-block-separator has-alpha-channel-opacity\" \/>\n\n\n\n<h2>Oktober 2025<\/h2>\n\n\n\n<figure class=\"wp-block-image size-full is-resized\"><img decoding=\"async\" loading=\"lazy\" src=\"https:\/\/kinderbetreuung-neutraubling.de\/kindergarten-sausewind\/wp-content\/uploads\/sites\/4\/2025\/12\/Oktober2026.png\" alt=\"\" class=\"wp-image-1482\" width=\"728\" height=\"595\" srcset=\"https:\/\/kinderbetreuung-neutraubling.de\/kindergarten-sausewind\/wp-content\/uploads\/sites\/4\/2025\/12\/Oktober2026.png 505w, https:\/\/kinderbetreuung-neutraubling.de\/kindergarten-sausewind\/wp-content\/uploads\/sites\/4\/2025\/12\/Oktober2026-300x245.png 300w\" sizes=\"(max-width: 728px) 100vw, 728px\" \/><\/figure>\n","protected":false},"excerpt":{"rendered":"<p>Februar 2026 Januar 2026 Winterimpressionen &#8211; Partnergruppenaktionen &#8211; Polizeibesuch Das neue Jahr begann zur gro\u00dfen Freude aller endlich mal wieder mit einem echten Winter &#8211; und zwar mit so richtig viel Schnee! Die Kinder wurden gar nicht m\u00fcde, drau\u00dfen die unterschiedlichsten Schneefiguren zu bauen! Mit frostig roten Nasen &#8211; aber gl\u00fccklich &#8211; rutschten sie den [&hellip;]<\/p>\n","protected":false},"author":2,"featured_media":0,"parent":0,"menu_order":0,"comment_status":"closed","ping_status":"closed","template":"","meta":{"ocean_post_layout":"","ocean_both_sidebars_style":"","ocean_both_sidebars_content_width":0,"ocean_both_sidebars_sidebars_width":0,"ocean_sidebar":"","ocean_second_sidebar":"","ocean_disable_margins":"enable","ocean_add_body_class":"","ocean_shortcode_before_top_bar":"","ocean_shortcode_after_top_bar":"","ocean_shortcode_before_header":"","ocean_shortcode_after_header":"","ocean_has_shortcode":"","ocean_shortcode_after_title":"","ocean_shortcode_before_footer_widgets":"","ocean_shortcode_after_footer_widgets":"","ocean_shortcode_before_footer_bottom":"","ocean_shortcode_after_footer_bottom":"","ocean_display_top_bar":"default","ocean_display_header":"default","ocean_header_style":"","ocean_center_header_left_menu":"","ocean_custom_header_template":"","ocean_custom_logo":0,"ocean_custom_retina_logo":0,"ocean_custom_logo_max_width":0,"ocean_custom_logo_tablet_max_width":0,"ocean_custom_logo_mobile_max_width":0,"ocean_custom_logo_max_height":0,"ocean_custom_logo_tablet_max_height":0,"ocean_custom_logo_mobile_max_height":0,"ocean_header_custom_menu":"","ocean_menu_typo_font_family":"","ocean_menu_typo_font_subset":"","ocean_menu_typo_font_size":0,"ocean_menu_typo_font_size_tablet":0,"ocean_menu_typo_font_size_mobile":0,"ocean_menu_typo_font_size_unit":"px","ocean_menu_typo_font_weight":"","ocean_menu_typo_font_weight_tablet":"","ocean_menu_typo_font_weight_mobile":"","ocean_menu_typo_transform":"","ocean_menu_typo_transform_tablet":"","ocean_menu_typo_transform_mobile":"","ocean_menu_typo_line_height":0,"ocean_menu_typo_line_height_tablet":0,"ocean_menu_typo_line_height_mobile":0,"ocean_menu_typo_line_height_unit":"","ocean_menu_typo_spacing":0,"ocean_menu_typo_spacing_tablet":0,"ocean_menu_typo_spacing_mobile":0,"ocean_menu_typo_spacing_unit":"","ocean_menu_link_color":"","ocean_menu_link_color_hover":"","ocean_menu_link_color_active":"","ocean_menu_link_background":"","ocean_menu_link_hover_background":"","ocean_menu_link_active_background":"","ocean_menu_social_links_bg":"","ocean_menu_social_hover_links_bg":"","ocean_menu_social_links_color":"","ocean_menu_social_hover_links_color":"","ocean_disable_title":"default","ocean_disable_heading":"default","ocean_post_title":"","ocean_post_subheading":"","ocean_post_title_style":"","ocean_post_title_background_color":"","ocean_post_title_background":0,"ocean_post_title_bg_image_position":"","ocean_post_title_bg_image_attachment":"","ocean_post_title_bg_image_repeat":"","ocean_post_title_bg_image_size":"","ocean_post_title_height":0,"ocean_post_title_bg_overlay":0.5,"ocean_post_title_bg_overlay_color":"","ocean_disable_breadcrumbs":"default","ocean_breadcrumbs_color":"","ocean_breadcrumbs_separator_color":"","ocean_breadcrumbs_links_color":"","ocean_breadcrumbs_links_hover_color":"","ocean_display_footer_widgets":"default","ocean_display_footer_bottom":"default","ocean_custom_footer_template":""},"_links":{"self":[{"href":"https:\/\/kinderbetreuung-neutraubling.de\/kindergarten-sausewind\/wp-json\/wp\/v2\/pages\/737"}],"collection":[{"href":"https:\/\/kinderbetreuung-neutraubling.de\/kindergarten-sausewind\/wp-json\/wp\/v2\/pages"}],"about":[{"href":"https:\/\/kinderbetreuung-neutraubling.de\/kindergarten-sausewind\/wp-json\/wp\/v2\/types\/page"}],"author":[{"embeddable":true,"href":"https:\/\/kinderbetreuung-neutraubling.de\/kindergarten-sausewind\/wp-json\/wp\/v2\/users\/2"}],"replies":[{"embeddable":true,"href":"https:\/\/kinderbetreuung-neutraubling.de\/kindergarten-sausewind\/wp-json\/wp\/v2\/comments?post=737"}],"version-history":[{"count":211,"href":"https:\/\/kinderbetreuung-neutraubling.de\/kindergarten-sausewind\/wp-json\/wp\/v2\/pages\/737\/revisions"}],"predecessor-version":[{"id":1508,"href":"https:\/\/kinderbetreuung-neutraubling.de\/kindergarten-sausewind\/wp-json\/wp\/v2\/pages\/737\/revisions\/1508"}],"wp:attachment":[{"href":"https:\/\/kinderbetreuung-neutraubling.de\/kindergarten-sausewind\/wp-json\/wp\/v2\/media?parent=737"}],"curies":[{"name":"wp","href":"https:\/\/api.w.org\/{rel}","templated":true}]}}