{"id":280,"date":"2020-10-08T11:32:54","date_gmt":"2020-10-08T09:32:54","guid":{"rendered":"https:\/\/kinderbetreuung-neutraubling.de\/kindergarten-sausewind\/?page_id=280"},"modified":"2024-11-05T08:56:30","modified_gmt":"2024-11-05T07:56:30","slug":"hier-fuehlen-wir-uns-wohl","status":"publish","type":"page","link":"https:\/\/kinderbetreuung-neutraubling.de\/kindergarten-sausewind\/hier-fuehlen-wir-uns-wohl\/","title":{"rendered":"Hier f\u00fchlen wir uns wohl &#8230;"},"content":{"rendered":"\n<div class=\"is-layout-flow wp-block-group alignwide\"><div class=\"wp-block-group__inner-container\">\n<div class=\"wp-block-media-text alignwide is-stacked-on-mobile\" style=\"grid-template-columns:42% auto\"><figure class=\"wp-block-media-text__media\"><img decoding=\"async\" loading=\"lazy\" width=\"577\" height=\"432\" src=\"https:\/\/kinderbetreuung-neutraubling.de\/kindergarten-sausewind\/wp-content\/uploads\/sites\/4\/2020\/10\/Wie_alles_begann-1.jpg\" alt=\"\" class=\"wp-image-325 size-full\" srcset=\"https:\/\/kinderbetreuung-neutraubling.de\/kindergarten-sausewind\/wp-content\/uploads\/sites\/4\/2020\/10\/Wie_alles_begann-1.jpg 577w, https:\/\/kinderbetreuung-neutraubling.de\/kindergarten-sausewind\/wp-content\/uploads\/sites\/4\/2020\/10\/Wie_alles_begann-1-300x225.jpg 300w\" sizes=\"(max-width: 577px) 100vw, 577px\" \/><\/figure><div class=\"wp-block-media-text__content\">\n<p>Im Herbst 1991 startet der st\u00e4dtische Kindergarten mit 5 Gruppen! <\/p>\n<\/div><\/div>\n<\/div><\/div>\n\n\n\n<div class=\"wp-block-media-text alignwide has-media-on-the-right is-stacked-on-mobile\" style=\"grid-template-columns:auto 47%\"><div class=\"wp-block-media-text__content\">\n<p>Im September 2013 und im M\u00e4rz 2014 kamen die Regentropfen- und Schneeflockengruppe im Obergeschoss dazu! <\/p>\n<\/div><figure class=\"wp-block-media-text__media\"><img decoding=\"async\" loading=\"lazy\" width=\"733\" height=\"500\" src=\"https:\/\/kinderbetreuung-neutraubling.de\/kindergarten-sausewind\/wp-content\/uploads\/sites\/4\/2020\/10\/Symbole_2-1-rotated.jpg\" alt=\"\" class=\"wp-image-357 size-full\" srcset=\"https:\/\/kinderbetreuung-neutraubling.de\/kindergarten-sausewind\/wp-content\/uploads\/sites\/4\/2020\/10\/Symbole_2-1-rotated.jpg 733w, https:\/\/kinderbetreuung-neutraubling.de\/kindergarten-sausewind\/wp-content\/uploads\/sites\/4\/2020\/10\/Symbole_2-1-300x205.jpg 300w\" sizes=\"(max-width: 733px) 100vw, 733px\" \/><\/figure><\/div>\n\n\n\n<div style=\"height:55px\" aria-hidden=\"true\" class=\"wp-block-spacer\"><\/div>\n\n\n\n<div class=\"is-layout-flow wp-block-group\"><div class=\"wp-block-group__inner-container\">\n<div class=\"is-layout-flow wp-block-group\"><div class=\"wp-block-group__inner-container\">\n<h2 class=\"has-text-align-left\"><em><span class=\"has-inline-color has-vivid-cyan-blue-color\">Unsere Eing\u00e4nge<\/span><\/em><\/h2>\n\n\n\n<div class=\"is-layout-flow wp-block-group\"><div class=\"wp-block-group__inner-container\">\n<div class=\"is-layout-flow wp-block-group\"><div class=\"wp-block-group__inner-container\"><div class=\"wp-block-image\">\n<figure class=\"alignleft size-large is-resized\"><img decoding=\"async\" loading=\"lazy\" src=\"https:\/\/kinderbetreuung-neutraubling.de\/kindergarten-sausewind\/wp-content\/uploads\/sites\/4\/2020\/10\/Eingangsbereich-1024x680.jpg\" alt=\"\" class=\"wp-image-331\" width=\"398\" height=\"265\" srcset=\"https:\/\/kinderbetreuung-neutraubling.de\/kindergarten-sausewind\/wp-content\/uploads\/sites\/4\/2020\/10\/Eingangsbereich-1024x680.jpg 1024w, https:\/\/kinderbetreuung-neutraubling.de\/kindergarten-sausewind\/wp-content\/uploads\/sites\/4\/2020\/10\/Eingangsbereich-300x199.jpg 300w, https:\/\/kinderbetreuung-neutraubling.de\/kindergarten-sausewind\/wp-content\/uploads\/sites\/4\/2020\/10\/Eingangsbereich-768x510.jpg 768w, https:\/\/kinderbetreuung-neutraubling.de\/kindergarten-sausewind\/wp-content\/uploads\/sites\/4\/2020\/10\/Eingangsbereich-1536x1020.jpg 1536w, https:\/\/kinderbetreuung-neutraubling.de\/kindergarten-sausewind\/wp-content\/uploads\/sites\/4\/2020\/10\/Eingangsbereich.jpg 1734w\" sizes=\"(max-width: 398px) 100vw, 398px\" \/><figcaption class=\"wp-element-caption\"><strong><em>Haupteingang <\/em><\/strong><\/figcaption><\/figure><\/div><\/div><\/div>\n<\/div><\/div>\n\n\n<div class=\"wp-block-image\">\n<figure class=\"alignleft size-large is-resized\"><img decoding=\"async\" loading=\"lazy\" src=\"https:\/\/kinderbetreuung-neutraubling.de\/kindergarten-sausewind\/wp-content\/uploads\/sites\/4\/2020\/10\/Eingang_OG-1024x680.jpg\" alt=\"\" class=\"wp-image-333\" width=\"394\" height=\"261\" srcset=\"https:\/\/kinderbetreuung-neutraubling.de\/kindergarten-sausewind\/wp-content\/uploads\/sites\/4\/2020\/10\/Eingang_OG-1024x680.jpg 1024w, https:\/\/kinderbetreuung-neutraubling.de\/kindergarten-sausewind\/wp-content\/uploads\/sites\/4\/2020\/10\/Eingang_OG-300x199.jpg 300w, https:\/\/kinderbetreuung-neutraubling.de\/kindergarten-sausewind\/wp-content\/uploads\/sites\/4\/2020\/10\/Eingang_OG-768x510.jpg 768w, https:\/\/kinderbetreuung-neutraubling.de\/kindergarten-sausewind\/wp-content\/uploads\/sites\/4\/2020\/10\/Eingang_OG-1536x1020.jpg 1536w, https:\/\/kinderbetreuung-neutraubling.de\/kindergarten-sausewind\/wp-content\/uploads\/sites\/4\/2020\/10\/Eingang_OG.jpg 1734w\" sizes=\"(max-width: 394px) 100vw, 394px\" \/><figcaption class=\"wp-element-caption\"><strong><em>Eingang zu den Gruppen im Obergeschoss!<\/em><\/strong> <\/figcaption><\/figure><\/div><\/div><\/div>\n<\/div><\/div>\n\n\n\n<div style=\"height:52px\" aria-hidden=\"true\" class=\"wp-block-spacer\"><\/div>\n\n\n\n<h2><strong><em><span class=\"has-inline-color has-vivid-cyan-blue-color\">Unser Erdgeschoss <\/span><\/em><\/strong><\/h2>\n\n\n<div class=\"wp-block-image is-style-rounded\">\n<figure class=\"aligncenter size-large is-resized\"><img decoding=\"async\" loading=\"lazy\" src=\"https:\/\/kinderbetreuung-neutraubling.de\/kindergarten-sausewind\/wp-content\/uploads\/sites\/4\/2020\/10\/Elterncafe_2-768x1024.jpg\" alt=\"\" class=\"wp-image-374\" width=\"359\" height=\"476\" \/><figcaption class=\"wp-element-caption\"><strong><em>Unser Elterncaf\u00e9<\/em><\/strong><\/figcaption><\/figure><\/div>\n\n<div class=\"wp-block-image is-style-rounded\">\n<figure class=\"aligncenter size-large is-resized\"><img decoding=\"async\" loading=\"lazy\" src=\"https:\/\/kinderbetreuung-neutraubling.de\/kindergarten-sausewind\/wp-content\/uploads\/sites\/4\/2020\/10\/Gang_EG-1024x680.jpg\" alt=\"\" class=\"wp-image-365\" width=\"548\" height=\"364\" srcset=\"https:\/\/kinderbetreuung-neutraubling.de\/kindergarten-sausewind\/wp-content\/uploads\/sites\/4\/2020\/10\/Gang_EG-1024x680.jpg 1024w, https:\/\/kinderbetreuung-neutraubling.de\/kindergarten-sausewind\/wp-content\/uploads\/sites\/4\/2020\/10\/Gang_EG-300x199.jpg 300w, https:\/\/kinderbetreuung-neutraubling.de\/kindergarten-sausewind\/wp-content\/uploads\/sites\/4\/2020\/10\/Gang_EG-768x510.jpg 768w, https:\/\/kinderbetreuung-neutraubling.de\/kindergarten-sausewind\/wp-content\/uploads\/sites\/4\/2020\/10\/Gang_EG-1536x1020.jpg 1536w, https:\/\/kinderbetreuung-neutraubling.de\/kindergarten-sausewind\/wp-content\/uploads\/sites\/4\/2020\/10\/Gang_EG.jpg 1734w\" sizes=\"(max-width: 548px) 100vw, 548px\" \/><figcaption class=\"wp-element-caption\"><strong><em>Spielgang<\/em><\/strong><\/figcaption><\/figure><\/div>\n\n<div class=\"wp-block-image is-style-rounded\">\n<figure class=\"aligncenter size-large is-resized\"><img decoding=\"async\" loading=\"lazy\" src=\"https:\/\/kinderbetreuung-neutraubling.de\/kindergarten-sausewind\/wp-content\/uploads\/sites\/4\/2020\/10\/Spielecke_Gang_EG-768x1024.jpg\" alt=\"\" class=\"wp-image-376\" width=\"450\" height=\"597\" \/><figcaption class=\"wp-element-caption\"><strong><em>Spielecke im Gang<\/em><\/strong><\/figcaption><\/figure><\/div>\n\n<div class=\"wp-block-image is-style-rounded\">\n<figure class=\"aligncenter size-large is-resized\"><img decoding=\"async\" loading=\"lazy\" src=\"https:\/\/kinderbetreuung-neutraubling.de\/kindergarten-sausewind\/wp-content\/uploads\/sites\/4\/2020\/10\/B\u00fcro-1024x680.jpg\" alt=\"\" class=\"wp-image-375\" width=\"569\" height=\"377\" srcset=\"https:\/\/kinderbetreuung-neutraubling.de\/kindergarten-sausewind\/wp-content\/uploads\/sites\/4\/2020\/10\/B\u00fcro-1024x680.jpg 1024w, https:\/\/kinderbetreuung-neutraubling.de\/kindergarten-sausewind\/wp-content\/uploads\/sites\/4\/2020\/10\/B\u00fcro-300x199.jpg 300w, https:\/\/kinderbetreuung-neutraubling.de\/kindergarten-sausewind\/wp-content\/uploads\/sites\/4\/2020\/10\/B\u00fcro-768x510.jpg 768w, https:\/\/kinderbetreuung-neutraubling.de\/kindergarten-sausewind\/wp-content\/uploads\/sites\/4\/2020\/10\/B\u00fcro-1536x1020.jpg 1536w, https:\/\/kinderbetreuung-neutraubling.de\/kindergarten-sausewind\/wp-content\/uploads\/sites\/4\/2020\/10\/B\u00fcro.jpg 1734w\" sizes=\"(max-width: 569px) 100vw, 569px\" \/><figcaption class=\"wp-element-caption\"><strong><em>B\u00fcro unserer Kindergartenleitung<\/em><\/strong><\/figcaption><\/figure><\/div>\n\n<div class=\"wp-block-image is-style-rounded\">\n<figure class=\"aligncenter size-large is-resized\"><img decoding=\"async\" loading=\"lazy\" src=\"https:\/\/kinderbetreuung-neutraubling.de\/kindergarten-sausewind\/wp-content\/uploads\/sites\/4\/2020\/10\/Sonnengruppe-1-1024x680.jpg\" alt=\"\" class=\"wp-image-339\" width=\"554\" height=\"368\" srcset=\"https:\/\/kinderbetreuung-neutraubling.de\/kindergarten-sausewind\/wp-content\/uploads\/sites\/4\/2020\/10\/Sonnengruppe-1-1024x680.jpg 1024w, https:\/\/kinderbetreuung-neutraubling.de\/kindergarten-sausewind\/wp-content\/uploads\/sites\/4\/2020\/10\/Sonnengruppe-1-300x199.jpg 300w, https:\/\/kinderbetreuung-neutraubling.de\/kindergarten-sausewind\/wp-content\/uploads\/sites\/4\/2020\/10\/Sonnengruppe-1-768x510.jpg 768w, https:\/\/kinderbetreuung-neutraubling.de\/kindergarten-sausewind\/wp-content\/uploads\/sites\/4\/2020\/10\/Sonnengruppe-1-1536x1020.jpg 1536w, https:\/\/kinderbetreuung-neutraubling.de\/kindergarten-sausewind\/wp-content\/uploads\/sites\/4\/2020\/10\/Sonnengruppe-1.jpg 1734w\" sizes=\"(max-width: 554px) 100vw, 554px\" \/><figcaption class=\"wp-element-caption\"><strong><em>Sonnengruppe<\/em><\/strong><\/figcaption><\/figure><\/div>\n\n<div class=\"wp-block-image is-style-rounded\">\n<figure class=\"aligncenter size-large is-resized\"><img decoding=\"async\" loading=\"lazy\" src=\"https:\/\/kinderbetreuung-neutraubling.de\/kindergarten-sausewind\/wp-content\/uploads\/sites\/4\/2020\/10\/Wolkengruppe-1-1024x680.jpg\" alt=\"\" class=\"wp-image-340\" width=\"551\" height=\"365\" srcset=\"https:\/\/kinderbetreuung-neutraubling.de\/kindergarten-sausewind\/wp-content\/uploads\/sites\/4\/2020\/10\/Wolkengruppe-1-1024x680.jpg 1024w, https:\/\/kinderbetreuung-neutraubling.de\/kindergarten-sausewind\/wp-content\/uploads\/sites\/4\/2020\/10\/Wolkengruppe-1-300x199.jpg 300w, https:\/\/kinderbetreuung-neutraubling.de\/kindergarten-sausewind\/wp-content\/uploads\/sites\/4\/2020\/10\/Wolkengruppe-1-768x510.jpg 768w, https:\/\/kinderbetreuung-neutraubling.de\/kindergarten-sausewind\/wp-content\/uploads\/sites\/4\/2020\/10\/Wolkengruppe-1-1536x1020.jpg 1536w, https:\/\/kinderbetreuung-neutraubling.de\/kindergarten-sausewind\/wp-content\/uploads\/sites\/4\/2020\/10\/Wolkengruppe-1.jpg 1734w\" sizes=\"(max-width: 551px) 100vw, 551px\" \/><figcaption class=\"wp-element-caption\"><strong><em>Wolkengruppe<\/em><\/strong><\/figcaption><\/figure><\/div>\n\n<div class=\"wp-block-image is-style-rounded\">\n<figure class=\"aligncenter size-large is-resized\"><img decoding=\"async\" loading=\"lazy\" src=\"https:\/\/kinderbetreuung-neutraubling.de\/kindergarten-sausewind\/wp-content\/uploads\/sites\/4\/2020\/10\/Sternengruppe-1-1024x680.jpg\" alt=\"\" class=\"wp-image-343\" width=\"554\" height=\"368\" srcset=\"https:\/\/kinderbetreuung-neutraubling.de\/kindergarten-sausewind\/wp-content\/uploads\/sites\/4\/2020\/10\/Sternengruppe-1-1024x680.jpg 1024w, https:\/\/kinderbetreuung-neutraubling.de\/kindergarten-sausewind\/wp-content\/uploads\/sites\/4\/2020\/10\/Sternengruppe-1-300x199.jpg 300w, https:\/\/kinderbetreuung-neutraubling.de\/kindergarten-sausewind\/wp-content\/uploads\/sites\/4\/2020\/10\/Sternengruppe-1-768x510.jpg 768w, https:\/\/kinderbetreuung-neutraubling.de\/kindergarten-sausewind\/wp-content\/uploads\/sites\/4\/2020\/10\/Sternengruppe-1-1536x1020.jpg 1536w, https:\/\/kinderbetreuung-neutraubling.de\/kindergarten-sausewind\/wp-content\/uploads\/sites\/4\/2020\/10\/Sternengruppe-1.jpg 1734w\" sizes=\"(max-width: 554px) 100vw, 554px\" \/><figcaption class=\"wp-element-caption\"><strong><em>Sternengruppe<\/em><\/strong><\/figcaption><\/figure><\/div>\n\n<div class=\"wp-block-image is-style-rounded\">\n<figure class=\"aligncenter size-large is-resized\"><img decoding=\"async\" loading=\"lazy\" src=\"https:\/\/kinderbetreuung-neutraubling.de\/kindergarten-sausewind\/wp-content\/uploads\/sites\/4\/2020\/10\/Kinderklos_EG-768x1024.jpg\" alt=\"\" class=\"wp-image-372\" width=\"359\" height=\"479\" srcset=\"https:\/\/kinderbetreuung-neutraubling.de\/kindergarten-sausewind\/wp-content\/uploads\/sites\/4\/2020\/10\/Kinderklos_EG-768x1024.jpg 768w, https:\/\/kinderbetreuung-neutraubling.de\/kindergarten-sausewind\/wp-content\/uploads\/sites\/4\/2020\/10\/Kinderklos_EG-225x300.jpg 225w, https:\/\/kinderbetreuung-neutraubling.de\/kindergarten-sausewind\/wp-content\/uploads\/sites\/4\/2020\/10\/Kinderklos_EG-1152x1536.jpg 1152w, https:\/\/kinderbetreuung-neutraubling.de\/kindergarten-sausewind\/wp-content\/uploads\/sites\/4\/2020\/10\/Kinderklos_EG-rotated.jpg 1224w\" sizes=\"(max-width: 359px) 100vw, 359px\" \/><figcaption class=\"wp-element-caption\"><strong><em>Kindertoiletten<\/em><\/strong><\/figcaption><\/figure><\/div>\n\n<div class=\"wp-block-image is-style-rounded\">\n<figure class=\"aligncenter size-large is-resized\"><img decoding=\"async\" loading=\"lazy\" src=\"https:\/\/kinderbetreuung-neutraubling.de\/kindergarten-sausewind\/wp-content\/uploads\/sites\/4\/2020\/10\/Waschraum_EG-1024x680.jpg\" alt=\"\" class=\"wp-image-373\" width=\"520\" height=\"345\" srcset=\"https:\/\/kinderbetreuung-neutraubling.de\/kindergarten-sausewind\/wp-content\/uploads\/sites\/4\/2020\/10\/Waschraum_EG-1024x680.jpg 1024w, https:\/\/kinderbetreuung-neutraubling.de\/kindergarten-sausewind\/wp-content\/uploads\/sites\/4\/2020\/10\/Waschraum_EG-300x199.jpg 300w, https:\/\/kinderbetreuung-neutraubling.de\/kindergarten-sausewind\/wp-content\/uploads\/sites\/4\/2020\/10\/Waschraum_EG-768x510.jpg 768w, https:\/\/kinderbetreuung-neutraubling.de\/kindergarten-sausewind\/wp-content\/uploads\/sites\/4\/2020\/10\/Waschraum_EG-1536x1020.jpg 1536w, https:\/\/kinderbetreuung-neutraubling.de\/kindergarten-sausewind\/wp-content\/uploads\/sites\/4\/2020\/10\/Waschraum_EG.jpg 1734w\" sizes=\"(max-width: 520px) 100vw, 520px\" \/><figcaption class=\"wp-element-caption\"><strong><em>Waschraum mit Zugang zum Garten<\/em><\/strong><\/figcaption><\/figure><\/div>\n\n\n<div style=\"height:45px\" aria-hidden=\"true\" class=\"wp-block-spacer\"><\/div>\n\n\n\n<div class=\"is-layout-flow wp-block-group\"><div class=\"wp-block-group__inner-container\">\n<h2 class=\"has-text-align-left\"><strong><em><span class=\"has-inline-color has-vivid-cyan-blue-color\">Unser Untergeschoss <\/span><\/em><\/strong><\/h2>\n<\/div><\/div>\n\n\n<div class=\"wp-block-image is-style-rounded\">\n<figure class=\"aligncenter size-large is-resized\"><img decoding=\"async\" loading=\"lazy\" src=\"https:\/\/kinderbetreuung-neutraubling.de\/kindergarten-sausewind\/wp-content\/uploads\/sites\/4\/2020\/10\/Gang_UG-1024x680.jpg\" alt=\"\" class=\"wp-image-367\" width=\"536\" height=\"356\" srcset=\"https:\/\/kinderbetreuung-neutraubling.de\/kindergarten-sausewind\/wp-content\/uploads\/sites\/4\/2020\/10\/Gang_UG-1024x680.jpg 1024w, https:\/\/kinderbetreuung-neutraubling.de\/kindergarten-sausewind\/wp-content\/uploads\/sites\/4\/2020\/10\/Gang_UG-300x199.jpg 300w, https:\/\/kinderbetreuung-neutraubling.de\/kindergarten-sausewind\/wp-content\/uploads\/sites\/4\/2020\/10\/Gang_UG-768x510.jpg 768w, https:\/\/kinderbetreuung-neutraubling.de\/kindergarten-sausewind\/wp-content\/uploads\/sites\/4\/2020\/10\/Gang_UG-1536x1020.jpg 1536w, https:\/\/kinderbetreuung-neutraubling.de\/kindergarten-sausewind\/wp-content\/uploads\/sites\/4\/2020\/10\/Gang_UG.jpg 1734w\" sizes=\"(max-width: 536px) 100vw, 536px\" \/><figcaption class=\"wp-element-caption\"><strong><em>Gang<\/em><\/strong><\/figcaption><\/figure><\/div>\n\n<div class=\"wp-block-image is-style-rounded\">\n<figure class=\"aligncenter size-large is-resized\"><img decoding=\"async\" loading=\"lazy\" src=\"https:\/\/kinderbetreuung-neutraubling.de\/kindergarten-sausewind\/wp-content\/uploads\/sites\/4\/2020\/10\/Regenbogengruppe-1-1024x680.jpg\" alt=\"\" class=\"wp-image-342\" width=\"554\" height=\"368\" srcset=\"https:\/\/kinderbetreuung-neutraubling.de\/kindergarten-sausewind\/wp-content\/uploads\/sites\/4\/2020\/10\/Regenbogengruppe-1-1024x680.jpg 1024w, https:\/\/kinderbetreuung-neutraubling.de\/kindergarten-sausewind\/wp-content\/uploads\/sites\/4\/2020\/10\/Regenbogengruppe-1-300x199.jpg 300w, https:\/\/kinderbetreuung-neutraubling.de\/kindergarten-sausewind\/wp-content\/uploads\/sites\/4\/2020\/10\/Regenbogengruppe-1-768x510.jpg 768w, https:\/\/kinderbetreuung-neutraubling.de\/kindergarten-sausewind\/wp-content\/uploads\/sites\/4\/2020\/10\/Regenbogengruppe-1-1536x1020.jpg 1536w, https:\/\/kinderbetreuung-neutraubling.de\/kindergarten-sausewind\/wp-content\/uploads\/sites\/4\/2020\/10\/Regenbogengruppe-1.jpg 1734w\" sizes=\"(max-width: 554px) 100vw, 554px\" \/><figcaption class=\"wp-element-caption\"><strong><em>Regenbogengruppe<\/em><\/strong><\/figcaption><\/figure><\/div>\n\n<div class=\"wp-block-image is-style-rounded\">\n<figure class=\"aligncenter size-large is-resized\"><img decoding=\"async\" loading=\"lazy\" src=\"https:\/\/kinderbetreuung-neutraubling.de\/kindergarten-sausewind\/wp-content\/uploads\/sites\/4\/2024\/11\/DSCN8895-1024x768.jpg\" alt=\"\" class=\"wp-image-1344\" width=\"593\" height=\"443\" \/><figcaption class=\"wp-element-caption\"><strong><em>Mondgruppe<\/em><\/strong><\/figcaption><\/figure><\/div>\n\n<div class=\"wp-block-image is-style-rounded\">\n<figure class=\"aligncenter size-large is-resized\"><img decoding=\"async\" loading=\"lazy\" src=\"https:\/\/kinderbetreuung-neutraubling.de\/kindergarten-sausewind\/wp-content\/uploads\/sites\/4\/2020\/10\/Schlafraum_Keller-1024x680.jpg\" alt=\"\" class=\"wp-image-381\" width=\"563\" height=\"374\" srcset=\"https:\/\/kinderbetreuung-neutraubling.de\/kindergarten-sausewind\/wp-content\/uploads\/sites\/4\/2020\/10\/Schlafraum_Keller-1024x680.jpg 1024w, https:\/\/kinderbetreuung-neutraubling.de\/kindergarten-sausewind\/wp-content\/uploads\/sites\/4\/2020\/10\/Schlafraum_Keller-300x199.jpg 300w, https:\/\/kinderbetreuung-neutraubling.de\/kindergarten-sausewind\/wp-content\/uploads\/sites\/4\/2020\/10\/Schlafraum_Keller-768x510.jpg 768w, https:\/\/kinderbetreuung-neutraubling.de\/kindergarten-sausewind\/wp-content\/uploads\/sites\/4\/2020\/10\/Schlafraum_Keller-1536x1020.jpg 1536w, https:\/\/kinderbetreuung-neutraubling.de\/kindergarten-sausewind\/wp-content\/uploads\/sites\/4\/2020\/10\/Schlafraum_Keller.jpg 1734w\" sizes=\"(max-width: 563px) 100vw, 563px\" \/><figcaption class=\"wp-element-caption\"><strong><em>Ausruhraum<\/em><\/strong><\/figcaption><\/figure><\/div>\n\n<div class=\"wp-block-image is-style-rounded\">\n<figure class=\"aligncenter size-large is-resized\"><img decoding=\"async\" loading=\"lazy\" src=\"https:\/\/kinderbetreuung-neutraubling.de\/kindergarten-sausewind\/wp-content\/uploads\/sites\/4\/2020\/10\/K\u00fcche.jpg\" alt=\"\" class=\"wp-image-291\" width=\"374\" height=\"528\" srcset=\"https:\/\/kinderbetreuung-neutraubling.de\/kindergarten-sausewind\/wp-content\/uploads\/sites\/4\/2020\/10\/K\u00fcche.jpg 420w, https:\/\/kinderbetreuung-neutraubling.de\/kindergarten-sausewind\/wp-content\/uploads\/sites\/4\/2020\/10\/K\u00fcche-212x300.jpg 212w\" sizes=\"(max-width: 374px) 100vw, 374px\" \/><figcaption class=\"wp-element-caption\"><strong><em>Speiseraum<\/em><\/strong><\/figcaption><\/figure><\/div>\n\n\n<div style=\"height:50px\" aria-hidden=\"true\" class=\"wp-block-spacer\"><\/div>\n\n\n\n<h2><strong><em><span class=\"has-inline-color has-vivid-cyan-blue-color\">Unser Obergeschoss<\/span><\/em><\/strong><\/h2>\n\n\n<div class=\"wp-block-image is-style-rounded\">\n<figure class=\"aligncenter size-large is-resized\"><img decoding=\"async\" loading=\"lazy\" src=\"https:\/\/kinderbetreuung-neutraubling.de\/kindergarten-sausewind\/wp-content\/uploads\/sites\/4\/2020\/10\/Gang_OG-1024x680.jpg\" alt=\"\" class=\"wp-image-366\" width=\"538\" height=\"357\" srcset=\"https:\/\/kinderbetreuung-neutraubling.de\/kindergarten-sausewind\/wp-content\/uploads\/sites\/4\/2020\/10\/Gang_OG-1024x680.jpg 1024w, https:\/\/kinderbetreuung-neutraubling.de\/kindergarten-sausewind\/wp-content\/uploads\/sites\/4\/2020\/10\/Gang_OG-300x199.jpg 300w, https:\/\/kinderbetreuung-neutraubling.de\/kindergarten-sausewind\/wp-content\/uploads\/sites\/4\/2020\/10\/Gang_OG-768x510.jpg 768w, https:\/\/kinderbetreuung-neutraubling.de\/kindergarten-sausewind\/wp-content\/uploads\/sites\/4\/2020\/10\/Gang_OG-1536x1020.jpg 1536w, https:\/\/kinderbetreuung-neutraubling.de\/kindergarten-sausewind\/wp-content\/uploads\/sites\/4\/2020\/10\/Gang_OG.jpg 1734w\" sizes=\"(max-width: 538px) 100vw, 538px\" \/><figcaption class=\"wp-element-caption\"><strong><em>Gang<\/em><\/strong><\/figcaption><\/figure><\/div>\n\n<div class=\"wp-block-image is-style-rounded\">\n<figure class=\"aligncenter size-large is-resized\"><img decoding=\"async\" loading=\"lazy\" src=\"https:\/\/kinderbetreuung-neutraubling.de\/kindergarten-sausewind\/wp-content\/uploads\/sites\/4\/2020\/10\/Schneeflockengruppe-1-1024x680.jpg\" alt=\"\" class=\"wp-image-349\" width=\"570\" height=\"378\" srcset=\"https:\/\/kinderbetreuung-neutraubling.de\/kindergarten-sausewind\/wp-content\/uploads\/sites\/4\/2020\/10\/Schneeflockengruppe-1-1024x680.jpg 1024w, https:\/\/kinderbetreuung-neutraubling.de\/kindergarten-sausewind\/wp-content\/uploads\/sites\/4\/2020\/10\/Schneeflockengruppe-1-300x199.jpg 300w, https:\/\/kinderbetreuung-neutraubling.de\/kindergarten-sausewind\/wp-content\/uploads\/sites\/4\/2020\/10\/Schneeflockengruppe-1-768x510.jpg 768w, https:\/\/kinderbetreuung-neutraubling.de\/kindergarten-sausewind\/wp-content\/uploads\/sites\/4\/2020\/10\/Schneeflockengruppe-1-1536x1020.jpg 1536w, https:\/\/kinderbetreuung-neutraubling.de\/kindergarten-sausewind\/wp-content\/uploads\/sites\/4\/2020\/10\/Schneeflockengruppe-1.jpg 1734w\" sizes=\"(max-width: 570px) 100vw, 570px\" \/><figcaption class=\"wp-element-caption\"><strong><em>Schneeflockengruppe<\/em><\/strong><\/figcaption><\/figure><\/div>\n\n<div class=\"wp-block-image is-style-rounded\">\n<figure class=\"aligncenter size-large is-resized\"><img decoding=\"async\" loading=\"lazy\" src=\"https:\/\/kinderbetreuung-neutraubling.de\/kindergarten-sausewind\/wp-content\/uploads\/sites\/4\/2020\/10\/Regentropfengruppe-3-1024x680.jpg\" alt=\"\" class=\"wp-image-361\" width=\"572\" height=\"379\" srcset=\"https:\/\/kinderbetreuung-neutraubling.de\/kindergarten-sausewind\/wp-content\/uploads\/sites\/4\/2020\/10\/Regentropfengruppe-3-1024x680.jpg 1024w, https:\/\/kinderbetreuung-neutraubling.de\/kindergarten-sausewind\/wp-content\/uploads\/sites\/4\/2020\/10\/Regentropfengruppe-3-300x199.jpg 300w, https:\/\/kinderbetreuung-neutraubling.de\/kindergarten-sausewind\/wp-content\/uploads\/sites\/4\/2020\/10\/Regentropfengruppe-3-768x510.jpg 768w, https:\/\/kinderbetreuung-neutraubling.de\/kindergarten-sausewind\/wp-content\/uploads\/sites\/4\/2020\/10\/Regentropfengruppe-3-1536x1020.jpg 1536w, https:\/\/kinderbetreuung-neutraubling.de\/kindergarten-sausewind\/wp-content\/uploads\/sites\/4\/2020\/10\/Regentropfengruppe-3.jpg 1734w\" sizes=\"(max-width: 572px) 100vw, 572px\" \/><figcaption class=\"wp-element-caption\"><strong><em>Regentropfengruppe<\/em><\/strong><\/figcaption><\/figure><\/div>\n\n<div class=\"wp-block-image is-style-rounded\">\n<figure class=\"aligncenter size-large is-resized\"><img decoding=\"async\" loading=\"lazy\" src=\"https:\/\/kinderbetreuung-neutraubling.de\/kindergarten-sausewind\/wp-content\/uploads\/sites\/4\/2020\/10\/Schlafraum_OG_2-768x1024.jpg\" alt=\"\" class=\"wp-image-384\" width=\"423\" height=\"563\" srcset=\"https:\/\/kinderbetreuung-neutraubling.de\/kindergarten-sausewind\/wp-content\/uploads\/sites\/4\/2020\/10\/Schlafraum_OG_2-768x1024.jpg 768w, https:\/\/kinderbetreuung-neutraubling.de\/kindergarten-sausewind\/wp-content\/uploads\/sites\/4\/2020\/10\/Schlafraum_OG_2-225x300.jpg 225w, https:\/\/kinderbetreuung-neutraubling.de\/kindergarten-sausewind\/wp-content\/uploads\/sites\/4\/2020\/10\/Schlafraum_OG_2-1152x1536.jpg 1152w, https:\/\/kinderbetreuung-neutraubling.de\/kindergarten-sausewind\/wp-content\/uploads\/sites\/4\/2020\/10\/Schlafraum_OG_2-rotated.jpg 1224w\" sizes=\"(max-width: 423px) 100vw, 423px\" \/><figcaption class=\"wp-element-caption\"><strong><em>Ausruhraum<\/em><\/strong><\/figcaption><\/figure><\/div>\n\n<div class=\"wp-block-image is-style-rounded\">\n<figure class=\"aligncenter size-large is-resized\"><img decoding=\"async\" loading=\"lazy\" src=\"https:\/\/kinderbetreuung-neutraubling.de\/kindergarten-sausewind\/wp-content\/uploads\/sites\/4\/2020\/10\/Turnraum_OG_2-768x1024.jpg\" alt=\"\" class=\"wp-image-385\" width=\"416\" height=\"554\" srcset=\"https:\/\/kinderbetreuung-neutraubling.de\/kindergarten-sausewind\/wp-content\/uploads\/sites\/4\/2020\/10\/Turnraum_OG_2-768x1024.jpg 768w, https:\/\/kinderbetreuung-neutraubling.de\/kindergarten-sausewind\/wp-content\/uploads\/sites\/4\/2020\/10\/Turnraum_OG_2-225x300.jpg 225w, https:\/\/kinderbetreuung-neutraubling.de\/kindergarten-sausewind\/wp-content\/uploads\/sites\/4\/2020\/10\/Turnraum_OG_2-1152x1536.jpg 1152w, https:\/\/kinderbetreuung-neutraubling.de\/kindergarten-sausewind\/wp-content\/uploads\/sites\/4\/2020\/10\/Turnraum_OG_2-rotated.jpg 1224w\" sizes=\"(max-width: 416px) 100vw, 416px\" \/><figcaption class=\"wp-element-caption\"><strong><em>Turnraum <\/em><\/strong><\/figcaption><\/figure><\/div>\n\n<div class=\"wp-block-image is-style-rounded\">\n<figure class=\"aligncenter size-large is-resized\"><img decoding=\"async\" loading=\"lazy\" src=\"https:\/\/kinderbetreuung-neutraubling.de\/kindergarten-sausewind\/wp-content\/uploads\/sites\/4\/2020\/10\/Turnraum_OG_1-768x1024.jpg\" alt=\"\" class=\"wp-image-386\" width=\"435\" height=\"579\" srcset=\"https:\/\/kinderbetreuung-neutraubling.de\/kindergarten-sausewind\/wp-content\/uploads\/sites\/4\/2020\/10\/Turnraum_OG_1-768x1024.jpg 768w, https:\/\/kinderbetreuung-neutraubling.de\/kindergarten-sausewind\/wp-content\/uploads\/sites\/4\/2020\/10\/Turnraum_OG_1-225x300.jpg 225w, https:\/\/kinderbetreuung-neutraubling.de\/kindergarten-sausewind\/wp-content\/uploads\/sites\/4\/2020\/10\/Turnraum_OG_1-1152x1536.jpg 1152w, https:\/\/kinderbetreuung-neutraubling.de\/kindergarten-sausewind\/wp-content\/uploads\/sites\/4\/2020\/10\/Turnraum_OG_1-rotated.jpg 1224w\" sizes=\"(max-width: 435px) 100vw, 435px\" \/><figcaption class=\"wp-element-caption\"><strong><em>Turnraum <\/em><\/strong><\/figcaption><\/figure><\/div>\n\n<div class=\"wp-block-image is-style-rounded\">\n<figure class=\"aligncenter size-large is-resized\"><img decoding=\"async\" loading=\"lazy\" src=\"https:\/\/kinderbetreuung-neutraubling.de\/kindergarten-sausewind\/wp-content\/uploads\/sites\/4\/2020\/10\/Spielecke_OG_Gang-768x1024.jpg\" alt=\"\" class=\"wp-image-387\" width=\"468\" height=\"623\" srcset=\"https:\/\/kinderbetreuung-neutraubling.de\/kindergarten-sausewind\/wp-content\/uploads\/sites\/4\/2020\/10\/Spielecke_OG_Gang-768x1024.jpg 768w, https:\/\/kinderbetreuung-neutraubling.de\/kindergarten-sausewind\/wp-content\/uploads\/sites\/4\/2020\/10\/Spielecke_OG_Gang-225x300.jpg 225w, https:\/\/kinderbetreuung-neutraubling.de\/kindergarten-sausewind\/wp-content\/uploads\/sites\/4\/2020\/10\/Spielecke_OG_Gang-1152x1536.jpg 1152w, https:\/\/kinderbetreuung-neutraubling.de\/kindergarten-sausewind\/wp-content\/uploads\/sites\/4\/2020\/10\/Spielecke_OG_Gang-rotated.jpg 1224w\" sizes=\"(max-width: 468px) 100vw, 468px\" \/><figcaption class=\"wp-element-caption\">Spielecke am Gang<\/figcaption><\/figure><\/div>\n\n<div class=\"wp-block-image is-style-rounded\">\n<figure class=\"aligncenter size-large is-resized\"><img decoding=\"async\" loading=\"lazy\" src=\"https:\/\/kinderbetreuung-neutraubling.de\/kindergarten-sausewind\/wp-content\/uploads\/sites\/4\/2020\/10\/Sprachraum-1024x680.jpg\" alt=\"\" class=\"wp-image-388\" width=\"579\" height=\"384\" srcset=\"https:\/\/kinderbetreuung-neutraubling.de\/kindergarten-sausewind\/wp-content\/uploads\/sites\/4\/2020\/10\/Sprachraum-1024x680.jpg 1024w, https:\/\/kinderbetreuung-neutraubling.de\/kindergarten-sausewind\/wp-content\/uploads\/sites\/4\/2020\/10\/Sprachraum-300x199.jpg 300w, https:\/\/kinderbetreuung-neutraubling.de\/kindergarten-sausewind\/wp-content\/uploads\/sites\/4\/2020\/10\/Sprachraum-768x510.jpg 768w, https:\/\/kinderbetreuung-neutraubling.de\/kindergarten-sausewind\/wp-content\/uploads\/sites\/4\/2020\/10\/Sprachraum-1536x1020.jpg 1536w, https:\/\/kinderbetreuung-neutraubling.de\/kindergarten-sausewind\/wp-content\/uploads\/sites\/4\/2020\/10\/Sprachraum.jpg 1734w\" sizes=\"(max-width: 579px) 100vw, 579px\" \/><figcaption class=\"wp-element-caption\"><strong><em>Sprachf\u00f6rderraum<\/em><\/strong><\/figcaption><\/figure><\/div>\n\n<div class=\"wp-block-image is-style-rounded\">\n<figure class=\"aligncenter size-large is-resized\"><img decoding=\"async\" loading=\"lazy\" src=\"https:\/\/kinderbetreuung-neutraubling.de\/kindergarten-sausewind\/wp-content\/uploads\/sites\/4\/2020\/10\/Eingangsbereich_OG-1024x680.jpg\" alt=\"\" class=\"wp-image-326\" width=\"567\" height=\"377\" srcset=\"https:\/\/kinderbetreuung-neutraubling.de\/kindergarten-sausewind\/wp-content\/uploads\/sites\/4\/2020\/10\/Eingangsbereich_OG-1024x680.jpg 1024w, https:\/\/kinderbetreuung-neutraubling.de\/kindergarten-sausewind\/wp-content\/uploads\/sites\/4\/2020\/10\/Eingangsbereich_OG-300x199.jpg 300w, https:\/\/kinderbetreuung-neutraubling.de\/kindergarten-sausewind\/wp-content\/uploads\/sites\/4\/2020\/10\/Eingangsbereich_OG-768x510.jpg 768w, https:\/\/kinderbetreuung-neutraubling.de\/kindergarten-sausewind\/wp-content\/uploads\/sites\/4\/2020\/10\/Eingangsbereich_OG-1536x1020.jpg 1536w, https:\/\/kinderbetreuung-neutraubling.de\/kindergarten-sausewind\/wp-content\/uploads\/sites\/4\/2020\/10\/Eingangsbereich_OG.jpg 1734w\" sizes=\"(max-width: 567px) 100vw, 567px\" \/><figcaption class=\"wp-element-caption\"><strong><em>Eingang Obergeschoss und Familienst\u00fctzpunkt Neutraubling<\/em><\/strong><\/figcaption><\/figure><\/div>\n\n\n<div style=\"height:36px\" aria-hidden=\"true\" class=\"wp-block-spacer\"><\/div>\n\n\n\n<h2><strong><em><span class=\"has-inline-color has-vivid-cyan-blue-color\">Unser Au\u00dfenbereich<\/span><\/em><\/strong><\/h2>\n\n\n\n<div class=\"is-layout-flow wp-block-group\"><div class=\"wp-block-group__inner-container\"><div class=\"wp-block-image is-style-rounded\">\n<figure class=\"aligncenter size-large is-resized\"><img decoding=\"async\" loading=\"lazy\" src=\"https:\/\/kinderbetreuung-neutraubling.de\/kindergarten-sausewind\/wp-content\/uploads\/sites\/4\/2020\/10\/Garten2-1-768x1024.jpg\" alt=\"\" class=\"wp-image-392\" width=\"474\" height=\"631\" srcset=\"https:\/\/kinderbetreuung-neutraubling.de\/kindergarten-sausewind\/wp-content\/uploads\/sites\/4\/2020\/10\/Garten2-1-768x1024.jpg 768w, https:\/\/kinderbetreuung-neutraubling.de\/kindergarten-sausewind\/wp-content\/uploads\/sites\/4\/2020\/10\/Garten2-1-225x300.jpg 225w, https:\/\/kinderbetreuung-neutraubling.de\/kindergarten-sausewind\/wp-content\/uploads\/sites\/4\/2020\/10\/Garten2-1-1152x1536.jpg 1152w, https:\/\/kinderbetreuung-neutraubling.de\/kindergarten-sausewind\/wp-content\/uploads\/sites\/4\/2020\/10\/Garten2-1-rotated.jpg 1224w\" sizes=\"(max-width: 474px) 100vw, 474px\" \/><\/figure><\/div><\/div><\/div>\n\n\n<div class=\"wp-block-image is-style-rounded\">\n<figure class=\"aligncenter size-large is-resized\"><img decoding=\"async\" loading=\"lazy\" src=\"https:\/\/kinderbetreuung-neutraubling.de\/kindergarten-sausewind\/wp-content\/uploads\/sites\/4\/2020\/10\/Garten6-768x1024.jpg\" alt=\"\" class=\"wp-image-393\" width=\"488\" height=\"650\" srcset=\"https:\/\/kinderbetreuung-neutraubling.de\/kindergarten-sausewind\/wp-content\/uploads\/sites\/4\/2020\/10\/Garten6-768x1024.jpg 768w, https:\/\/kinderbetreuung-neutraubling.de\/kindergarten-sausewind\/wp-content\/uploads\/sites\/4\/2020\/10\/Garten6-225x300.jpg 225w, https:\/\/kinderbetreuung-neutraubling.de\/kindergarten-sausewind\/wp-content\/uploads\/sites\/4\/2020\/10\/Garten6-1152x1536.jpg 1152w, https:\/\/kinderbetreuung-neutraubling.de\/kindergarten-sausewind\/wp-content\/uploads\/sites\/4\/2020\/10\/Garten6-rotated.jpg 1224w\" sizes=\"(max-width: 488px) 100vw, 488px\" \/><\/figure><\/div>\n\n<div class=\"wp-block-image is-style-rounded\">\n<figure class=\"aligncenter size-large is-resized\"><img decoding=\"async\" loading=\"lazy\" src=\"https:\/\/kinderbetreuung-neutraubling.de\/kindergarten-sausewind\/wp-content\/uploads\/sites\/4\/2020\/10\/Garten3-2-768x1024.jpg\" alt=\"\" class=\"wp-image-394\" width=\"489\" height=\"652\" srcset=\"https:\/\/kinderbetreuung-neutraubling.de\/kindergarten-sausewind\/wp-content\/uploads\/sites\/4\/2020\/10\/Garten3-2-768x1024.jpg 768w, https:\/\/kinderbetreuung-neutraubling.de\/kindergarten-sausewind\/wp-content\/uploads\/sites\/4\/2020\/10\/Garten3-2-225x300.jpg 225w, https:\/\/kinderbetreuung-neutraubling.de\/kindergarten-sausewind\/wp-content\/uploads\/sites\/4\/2020\/10\/Garten3-2-1152x1536.jpg 1152w, https:\/\/kinderbetreuung-neutraubling.de\/kindergarten-sausewind\/wp-content\/uploads\/sites\/4\/2020\/10\/Garten3-2-rotated.jpg 1224w\" sizes=\"(max-width: 489px) 100vw, 489px\" \/><\/figure><\/div>\n\n<div class=\"wp-block-image is-style-rounded\">\n<figure class=\"aligncenter size-large is-resized\"><img decoding=\"async\" loading=\"lazy\" src=\"https:\/\/kinderbetreuung-neutraubling.de\/kindergarten-sausewind\/wp-content\/uploads\/sites\/4\/2020\/10\/Garten5-1-768x1024.jpg\" alt=\"\" class=\"wp-image-395\" width=\"492\" height=\"656\" srcset=\"https:\/\/kinderbetreuung-neutraubling.de\/kindergarten-sausewind\/wp-content\/uploads\/sites\/4\/2020\/10\/Garten5-1-768x1024.jpg 768w, https:\/\/kinderbetreuung-neutraubling.de\/kindergarten-sausewind\/wp-content\/uploads\/sites\/4\/2020\/10\/Garten5-1-225x300.jpg 225w, https:\/\/kinderbetreuung-neutraubling.de\/kindergarten-sausewind\/wp-content\/uploads\/sites\/4\/2020\/10\/Garten5-1-1152x1536.jpg 1152w, https:\/\/kinderbetreuung-neutraubling.de\/kindergarten-sausewind\/wp-content\/uploads\/sites\/4\/2020\/10\/Garten5-1-rotated.jpg 1224w\" sizes=\"(max-width: 492px) 100vw, 492px\" \/><\/figure><\/div>\n\n\n<p><\/p>\n","protected":false},"excerpt":{"rendered":"<p>Im Herbst 1991 startet der st\u00e4dtische Kindergarten mit 5 Gruppen! Im September 2013 und im M\u00e4rz 2014 kamen die Regentropfen- und Schneeflockengruppe im Obergeschoss dazu! Unsere Eing\u00e4nge Unser Erdgeschoss Unser Untergeschoss Unser Obergeschoss Unser Au\u00dfenbereich<\/p>\n","protected":false},"author":2,"featured_media":0,"parent":0,"menu_order":0,"comment_status":"closed","ping_status":"closed","template":"","meta":{"ocean_post_layout":"","ocean_both_sidebars_style":"","ocean_both_sidebars_content_width":0,"ocean_both_sidebars_sidebars_width":0,"ocean_sidebar":"","ocean_second_sidebar":"","ocean_disable_margins":"enable","ocean_add_body_class":"","ocean_shortcode_before_top_bar":"","ocean_shortcode_after_top_bar":"","ocean_shortcode_before_header":"","ocean_shortcode_after_header":"","ocean_has_shortcode":"","ocean_shortcode_after_title":"","ocean_shortcode_before_footer_widgets":"","ocean_shortcode_after_footer_widgets":"","ocean_shortcode_before_footer_bottom":"","ocean_shortcode_after_footer_bottom":"","ocean_display_top_bar":"default","ocean_display_header":"default","ocean_header_style":"","ocean_center_header_left_menu":"","ocean_custom_header_template":"","ocean_custom_logo":0,"ocean_custom_retina_logo":0,"ocean_custom_logo_max_width":0,"ocean_custom_logo_tablet_max_width":0,"ocean_custom_logo_mobile_max_width":0,"ocean_custom_logo_max_height":0,"ocean_custom_logo_tablet_max_height":0,"ocean_custom_logo_mobile_max_height":0,"ocean_header_custom_menu":"","ocean_menu_typo_font_family":"","ocean_menu_typo_font_subset":"","ocean_menu_typo_font_size":0,"ocean_menu_typo_font_size_tablet":0,"ocean_menu_typo_font_size_mobile":0,"ocean_menu_typo_font_size_unit":"px","ocean_menu_typo_font_weight":"","ocean_menu_typo_font_weight_tablet":"","ocean_menu_typo_font_weight_mobile":"","ocean_menu_typo_transform":"","ocean_menu_typo_transform_tablet":"","ocean_menu_typo_transform_mobile":"","ocean_menu_typo_line_height":0,"ocean_menu_typo_line_height_tablet":0,"ocean_menu_typo_line_height_mobile":0,"ocean_menu_typo_line_height_unit":"","ocean_menu_typo_spacing":0,"ocean_menu_typo_spacing_tablet":0,"ocean_menu_typo_spacing_mobile":0,"ocean_menu_typo_spacing_unit":"","ocean_menu_link_color":"","ocean_menu_link_color_hover":"","ocean_menu_link_color_active":"","ocean_menu_link_background":"","ocean_menu_link_hover_background":"","ocean_menu_link_active_background":"","ocean_menu_social_links_bg":"","ocean_menu_social_hover_links_bg":"","ocean_menu_social_links_color":"","ocean_menu_social_hover_links_color":"","ocean_disable_title":"default","ocean_disable_heading":"default","ocean_post_title":"","ocean_post_subheading":"","ocean_post_title_style":"","ocean_post_title_background_color":"","ocean_post_title_background":0,"ocean_post_title_bg_image_position":"","ocean_post_title_bg_image_attachment":"","ocean_post_title_bg_image_repeat":"","ocean_post_title_bg_image_size":"","ocean_post_title_height":0,"ocean_post_title_bg_overlay":0.5,"ocean_post_title_bg_overlay_color":"","ocean_disable_breadcrumbs":"default","ocean_breadcrumbs_color":"","ocean_breadcrumbs_separator_color":"","ocean_breadcrumbs_links_color":"","ocean_breadcrumbs_links_hover_color":"","ocean_display_footer_widgets":"default","ocean_display_footer_bottom":"default","ocean_custom_footer_template":""},"_links":{"self":[{"href":"https:\/\/kinderbetreuung-neutraubling.de\/kindergarten-sausewind\/wp-json\/wp\/v2\/pages\/280"}],"collection":[{"href":"https:\/\/kinderbetreuung-neutraubling.de\/kindergarten-sausewind\/wp-json\/wp\/v2\/pages"}],"about":[{"href":"https:\/\/kinderbetreuung-neutraubling.de\/kindergarten-sausewind\/wp-json\/wp\/v2\/types\/page"}],"author":[{"embeddable":true,"href":"https:\/\/kinderbetreuung-neutraubling.de\/kindergarten-sausewind\/wp-json\/wp\/v2\/users\/2"}],"replies":[{"embeddable":true,"href":"https:\/\/kinderbetreuung-neutraubling.de\/kindergarten-sausewind\/wp-json\/wp\/v2\/comments?post=280"}],"version-history":[{"count":34,"href":"https:\/\/kinderbetreuung-neutraubling.de\/kindergarten-sausewind\/wp-json\/wp\/v2\/pages\/280\/revisions"}],"predecessor-version":[{"id":1345,"href":"https:\/\/kinderbetreuung-neutraubling.de\/kindergarten-sausewind\/wp-json\/wp\/v2\/pages\/280\/revisions\/1345"}],"wp:attachment":[{"href":"https:\/\/kinderbetreuung-neutraubling.de\/kindergarten-sausewind\/wp-json\/wp\/v2\/media?parent=280"}],"curies":[{"name":"wp","href":"https:\/\/api.w.org\/{rel}","templated":true}]}}