{"id":250,"date":"2020-10-07T15:36:31","date_gmt":"2020-10-07T13:36:31","guid":{"rendered":"https:\/\/kinderbetreuung-neutraubling.de\/kindergarten-sausewind\/?page_id=250"},"modified":"2026-03-05T09:36:51","modified_gmt":"2026-03-05T08:36:51","slug":"sausewind-team","status":"publish","type":"page","link":"https:\/\/kinderbetreuung-neutraubling.de\/kindergarten-sausewind\/sausewind-team\/","title":{"rendered":"Sausewind &#8211; Team"},"content":{"rendered":"\n<div class=\"is-layout-flow wp-block-group\"><div class=\"wp-block-group__inner-container\">\n<div class=\"wp-block-media-text alignwide is-stacked-on-mobile\" style=\"grid-template-columns:36% auto\"><figure class=\"wp-block-media-text__media\"><img decoding=\"async\" loading=\"lazy\" width=\"1024\" height=\"548\" src=\"https:\/\/kinderbetreuung-neutraubling.de\/kindergarten-sausewind\/wp-content\/uploads\/sites\/4\/2020\/10\/Sausewind_logo-1024x548.jpg\" alt=\"\" class=\"wp-image-257 size-full\" srcset=\"https:\/\/kinderbetreuung-neutraubling.de\/kindergarten-sausewind\/wp-content\/uploads\/sites\/4\/2020\/10\/Sausewind_logo-1024x548.jpg 1024w, https:\/\/kinderbetreuung-neutraubling.de\/kindergarten-sausewind\/wp-content\/uploads\/sites\/4\/2020\/10\/Sausewind_logo-300x161.jpg 300w, https:\/\/kinderbetreuung-neutraubling.de\/kindergarten-sausewind\/wp-content\/uploads\/sites\/4\/2020\/10\/Sausewind_logo-768x411.jpg 768w, https:\/\/kinderbetreuung-neutraubling.de\/kindergarten-sausewind\/wp-content\/uploads\/sites\/4\/2020\/10\/Sausewind_logo.jpg 1091w\" sizes=\"(max-width: 1024px) 100vw, 1024px\" \/><\/figure><div class=\"wp-block-media-text__content\">\n<h4><em><strong><span class=\"has-inline-color has-vivid-cyan-blue-color\">Kindergartenleitung<\/span> <\/strong><\/em><\/h4>\n\n\n\n<p class=\"has-text-align-left\"><strong>Beate Dettenhofer<\/strong>, Erzieherin, zertifizierte Kindergartenleitung <\/p>\n<\/div><\/div>\n<\/div><\/div>\n\n\n\n<div class=\"is-layout-flow wp-block-group\"><div class=\"wp-block-group__inner-container\">\n<div class=\"wp-block-media-text alignwide has-media-on-the-right is-stacked-on-mobile\" style=\"grid-template-columns:auto 44%\"><div class=\"wp-block-media-text__content\">\n<h4><strong><span class=\"has-inline-color has-vivid-cyan-blue-color\"><em>Sternengruppe, 07.15 &#8211; 13.15 Uhr <\/em><\/span><\/strong><\/h4>\n\n\n\n<p><strong>Anke Fischer<\/strong>, Erzieherin, Gruppenleitung <\/p>\n\n\n\n<p><strong>Jonas Kawasch<\/strong>, Kinderpfleger <\/p>\n\n\n\n<p><strong>Nur G\u00f6ksu, <\/strong>Kinderpflegerin <\/p>\n\n\n\n<p><\/p>\n<\/div><figure class=\"wp-block-media-text__media\"><img decoding=\"async\" loading=\"lazy\" width=\"505\" height=\"468\" src=\"https:\/\/kinderbetreuung-neutraubling.de\/kindergarten-sausewind\/wp-content\/uploads\/sites\/4\/2020\/10\/Sternengruppe.jpg\" alt=\"\" class=\"wp-image-260 size-full\" srcset=\"https:\/\/kinderbetreuung-neutraubling.de\/kindergarten-sausewind\/wp-content\/uploads\/sites\/4\/2020\/10\/Sternengruppe.jpg 505w, https:\/\/kinderbetreuung-neutraubling.de\/kindergarten-sausewind\/wp-content\/uploads\/sites\/4\/2020\/10\/Sternengruppe-300x278.jpg 300w\" sizes=\"(max-width: 505px) 100vw, 505px\" \/><\/figure><\/div>\n<\/div><\/div>\n\n\n\n<div class=\"is-layout-flow wp-block-group\"><div class=\"wp-block-group__inner-container\">\n<div class=\"wp-block-media-text alignwide is-stacked-on-mobile\" style=\"grid-template-columns:44% auto\"><figure class=\"wp-block-media-text__media\"><img decoding=\"async\" loading=\"lazy\" width=\"532\" height=\"572\" src=\"https:\/\/kinderbetreuung-neutraubling.de\/kindergarten-sausewind\/wp-content\/uploads\/sites\/4\/2020\/10\/Sonnengruppe.jpg\" alt=\"\" class=\"wp-image-264 size-full\" srcset=\"https:\/\/kinderbetreuung-neutraubling.de\/kindergarten-sausewind\/wp-content\/uploads\/sites\/4\/2020\/10\/Sonnengruppe.jpg 532w, https:\/\/kinderbetreuung-neutraubling.de\/kindergarten-sausewind\/wp-content\/uploads\/sites\/4\/2020\/10\/Sonnengruppe-279x300.jpg 279w\" sizes=\"(max-width: 532px) 100vw, 532px\" \/><\/figure><div class=\"wp-block-media-text__content\">\n<h4><em><strong><mark class=\"has-inline-color has-vivid-cyan-blue-color\">Sonnengruppe, 07.15 &#8211; 13.15 Uhr<\/mark><\/strong><\/em><\/h4>\n\n\n\n<p><strong>Andrea Ernst<\/strong>, Erzieherin, Gruppenleitung, stv. Kindergartenleitung<\/p>\n\n\n\n<p><strong>Sidonia Bucur<\/strong>, Kinderpflegerin <\/p>\n\n\n\n<p><strong>Gabi Reithmeier<\/strong>, Kinderpflegerin<\/p>\n\n\n\n<p><strong>Stefanie von Lewinski, <\/strong>p\u00e4dagogische Fachkraft (2 Tage in der Gruppe) <\/p>\n\n\n\n<p><strong>Verena Heinzig<\/strong>, Heilerziehungspflegerin                             (unterst\u00fctzt die Gruppe immer montags)<\/p>\n\n\n\n<p><\/p>\n<\/div><\/div>\n<\/div><\/div>\n\n\n\n<div class=\"is-layout-flow wp-block-group\"><div class=\"wp-block-group__inner-container\"><\/div><\/div>\n\n\n\n<div class=\"is-layout-flow wp-block-group\"><div class=\"wp-block-group__inner-container\">\n<div class=\"wp-block-media-text alignwide is-stacked-on-mobile\"><figure class=\"wp-block-media-text__media\"><img decoding=\"async\" loading=\"lazy\" width=\"528\" height=\"347\" src=\"https:\/\/kinderbetreuung-neutraubling.de\/kindergarten-sausewind\/wp-content\/uploads\/sites\/4\/2020\/10\/Regenbogengruppe.jpg\" alt=\"\" class=\"wp-image-270 size-full\" srcset=\"https:\/\/kinderbetreuung-neutraubling.de\/kindergarten-sausewind\/wp-content\/uploads\/sites\/4\/2020\/10\/Regenbogengruppe.jpg 528w, https:\/\/kinderbetreuung-neutraubling.de\/kindergarten-sausewind\/wp-content\/uploads\/sites\/4\/2020\/10\/Regenbogengruppe-300x197.jpg 300w\" sizes=\"(max-width: 528px) 100vw, 528px\" \/><\/figure><div class=\"wp-block-media-text__content\">\n<h4><strong><em><mark style=\"background-color:#ffffff\" class=\"has-inline-color has-vivid-cyan-blue-color\">Regenbogengruppe, 07.15 &#8211; 17.00 Uhr <\/mark><\/em><\/strong><\/h4>\n\n\n\n<p><strong>Tanja Winzinger<\/strong>, Erzieherin, Gruppenleitung <\/p>\n\n\n\n<p><strong>Julia Stauch<\/strong>, Kinderpflegerin <\/p>\n\n\n\n<p><\/p>\n\n\n\n<p><strong>Firdevs Yildiz<\/strong>, Kinderpflegerin<\/p>\n\n\n\n<p><\/p>\n<\/div><\/div>\n<\/div><\/div>\n\n\n\n<div class=\"is-layout-flow wp-block-group\"><div class=\"wp-block-group__inner-container\">\n<div class=\"wp-block-media-text alignwide has-media-on-the-right is-stacked-on-mobile\"><div class=\"wp-block-media-text__content\">\n<h4><strong><em><mark style=\"background-color:#ffffff\" class=\"has-inline-color has-vivid-cyan-blue-color\">Mondgruppe, 07.15 &#8211; 17.00 Uhr, Integrativgruppe <\/mark><\/em><\/strong><\/h4>\n\n\n\n<p><strong>Jessica Lindner<\/strong>, Erzieherin, Gruppenleitung <\/p>\n\n\n\n<p><strong>Isabella Kuhn<\/strong>, Kinderpflegerin <\/p>\n\n\n\n<p><strong>Meryem Cakma<\/strong>k, Erzieherin <\/p>\n\n\n\n<p> <strong>Verena Heinzig<\/strong>, Heilerziehungspflegerin                             (unterst\u00fctzt die Gruppe immer mittwochs)<\/p>\n<\/div><figure class=\"wp-block-media-text__media\"><img decoding=\"async\" loading=\"lazy\" width=\"434\" height=\"501\" src=\"https:\/\/kinderbetreuung-neutraubling.de\/kindergarten-sausewind\/wp-content\/uploads\/sites\/4\/2020\/10\/Mondgruppe.jpg\" alt=\"\" class=\"wp-image-272 size-full\" srcset=\"https:\/\/kinderbetreuung-neutraubling.de\/kindergarten-sausewind\/wp-content\/uploads\/sites\/4\/2020\/10\/Mondgruppe.jpg 434w, https:\/\/kinderbetreuung-neutraubling.de\/kindergarten-sausewind\/wp-content\/uploads\/sites\/4\/2020\/10\/Mondgruppe-260x300.jpg 260w\" sizes=\"(max-width: 434px) 100vw, 434px\" \/><\/figure><\/div>\n<\/div><\/div>\n\n\n\n<div class=\"is-layout-flow wp-block-group\"><div class=\"wp-block-group__inner-container\">\n<div class=\"is-layout-flow wp-block-group\"><div class=\"wp-block-group__inner-container\">\n<div class=\"wp-block-media-text alignwide is-stacked-on-mobile\"><figure class=\"wp-block-media-text__media\"><img decoding=\"async\" loading=\"lazy\" width=\"288\" height=\"360\" src=\"https:\/\/kinderbetreuung-neutraubling.de\/kindergarten-sausewind\/wp-content\/uploads\/sites\/4\/2020\/10\/Regentropfengruppe-1.jpg\" alt=\"\" class=\"wp-image-278 size-full\" srcset=\"https:\/\/kinderbetreuung-neutraubling.de\/kindergarten-sausewind\/wp-content\/uploads\/sites\/4\/2020\/10\/Regentropfengruppe-1.jpg 288w, https:\/\/kinderbetreuung-neutraubling.de\/kindergarten-sausewind\/wp-content\/uploads\/sites\/4\/2020\/10\/Regentropfengruppe-1-240x300.jpg 240w\" sizes=\"(max-width: 288px) 100vw, 288px\" \/><\/figure><div class=\"wp-block-media-text__content\">\n<h4><strong><span class=\"has-inline-color has-vivid-cyan-blue-color\"><em>Regentropfengruppe, 07.15 &#8211; 17.00 Uhr<\/em><\/span><\/strong><\/h4>\n\n\n\n<p><strong>Sabrina Rottenbach<\/strong>, Erzieherin, Gruppenleitung <\/p>\n\n\n\n<p><strong>Christine Konecny<\/strong>, Kinderpflegerin <\/p>\n\n\n\n<p><strong>Ilda Dragolj<\/strong>, Kinderpflegerin<\/p>\n\n\n\n<p><strong>Verena Heinzig<\/strong>, Heilerziehungspflegerin                             (unterst\u00fctzt die Gruppe immer dienstags)<\/p>\n\n\n\n<p><\/p>\n\n\n\n<p><\/p>\n<\/div><\/div>\n<\/div><\/div>\n<\/div><\/div>\n\n\n\n<div class=\"is-layout-flow wp-block-group\"><div class=\"wp-block-group__inner-container\">\n<div class=\"wp-block-media-text alignwide has-media-on-the-right is-stacked-on-mobile\"><div class=\"wp-block-media-text__content\">\n<h4><strong><em><span class=\"has-inline-color has-vivid-cyan-blue-color\">Schneeflockengruppe, 07.15 &#8211; 17.00 Uhr <\/span><\/em><\/strong><\/h4>\n\n\n\n<p><strong>Doris Kasb\u00f6ck<\/strong>, Erzieherin, Gruppenleitung <\/p>\n\n\n\n<p><strong>Maria St\u00f6ber, <\/strong> Erzieherin<\/p>\n\n\n\n<p><strong>Ardita Bajrami<\/strong>, Kinderpflegerin<\/p>\n\n\n\n<p><\/p>\n<\/div><figure class=\"wp-block-media-text__media\"><img decoding=\"async\" loading=\"lazy\" width=\"522\" height=\"458\" src=\"https:\/\/kinderbetreuung-neutraubling.de\/kindergarten-sausewind\/wp-content\/uploads\/sites\/4\/2020\/10\/Schneeflockengruppe.jpg\" alt=\"\" class=\"wp-image-282 size-full\" srcset=\"https:\/\/kinderbetreuung-neutraubling.de\/kindergarten-sausewind\/wp-content\/uploads\/sites\/4\/2020\/10\/Schneeflockengruppe.jpg 522w, https:\/\/kinderbetreuung-neutraubling.de\/kindergarten-sausewind\/wp-content\/uploads\/sites\/4\/2020\/10\/Schneeflockengruppe-300x263.jpg 300w\" sizes=\"(max-width: 522px) 100vw, 522px\" \/><\/figure><\/div>\n<\/div><\/div>\n\n\n\n<div class=\"is-layout-flow wp-block-group\"><div class=\"wp-block-group__inner-container\">\n<div class=\"wp-block-media-text alignwide is-stacked-on-mobile\" style=\"grid-template-columns:40% auto\"><figure class=\"wp-block-media-text__media\"><img decoding=\"async\" loading=\"lazy\" width=\"889\" height=\"1024\" src=\"https:\/\/kinderbetreuung-neutraubling.de\/kindergarten-sausewind\/wp-content\/uploads\/sites\/4\/2020\/10\/Wuppi-889x1024.jpg\" alt=\"\" class=\"wp-image-318 size-full\" srcset=\"https:\/\/kinderbetreuung-neutraubling.de\/kindergarten-sausewind\/wp-content\/uploads\/sites\/4\/2020\/10\/Wuppi-889x1024.jpg 889w, https:\/\/kinderbetreuung-neutraubling.de\/kindergarten-sausewind\/wp-content\/uploads\/sites\/4\/2020\/10\/Wuppi-260x300.jpg 260w, https:\/\/kinderbetreuung-neutraubling.de\/kindergarten-sausewind\/wp-content\/uploads\/sites\/4\/2020\/10\/Wuppi-768x885.jpg 768w, https:\/\/kinderbetreuung-neutraubling.de\/kindergarten-sausewind\/wp-content\/uploads\/sites\/4\/2020\/10\/Wuppi.jpg 1317w\" sizes=\"(max-width: 889px) 100vw, 889px\" \/><\/figure><div class=\"wp-block-media-text__content\">\n<h4><em><span class=\"has-inline-color has-vivid-cyan-blue-color\">Gruppen\u00fcbergreifende Sprachf\u00f6rderung<\/span><\/em><\/h4>\n\n\n\n<p><strong>Nicole Rempter<\/strong>, Dipl. Sozialp\u00e4dagogin (FH), <em>Vorkurs &#8222;Deutsch&#8220; und Wuppi (phonologische Bewusstheit)<\/em><\/p>\n\n\n\n<p><strong>Stefanie von Lewinski<\/strong>, p\u00e4dagogische Fachkraft, <em>Sprachf\u00f6rderung der 4j\u00e4hrigen Kinde<\/em>r + Vorkurs Deutsch<\/p>\n<\/div><\/div>\n<\/div><\/div>\n\n\n\n<div class=\"is-layout-flow wp-block-group\"><div class=\"wp-block-group__inner-container\">\n<div class=\"is-layout-flow wp-block-group\"><div class=\"wp-block-group__inner-container\">\n<div class=\"wp-block-media-text alignwide has-media-on-the-right is-stacked-on-mobile\" style=\"grid-template-columns:auto 42%\"><div class=\"wp-block-media-text__content\">\n<h4><em><span class=\"has-inline-color has-vivid-cyan-blue-color\">K\u00fcchenkraft <\/span><\/em><\/h4>\n\n\n\n<p><strong>Silvia Kraus <\/strong><\/p>\n<\/div><figure class=\"wp-block-media-text__media\"><img decoding=\"async\" loading=\"lazy\" width=\"1024\" height=\"952\" src=\"https:\/\/kinderbetreuung-neutraubling.de\/kindergarten-sausewind\/wp-content\/uploads\/sites\/4\/2020\/10\/Essen-1024x952.jpg\" alt=\"\" class=\"wp-image-320 size-full\" srcset=\"https:\/\/kinderbetreuung-neutraubling.de\/kindergarten-sausewind\/wp-content\/uploads\/sites\/4\/2020\/10\/Essen-1024x952.jpg 1024w, https:\/\/kinderbetreuung-neutraubling.de\/kindergarten-sausewind\/wp-content\/uploads\/sites\/4\/2020\/10\/Essen-300x279.jpg 300w, https:\/\/kinderbetreuung-neutraubling.de\/kindergarten-sausewind\/wp-content\/uploads\/sites\/4\/2020\/10\/Essen-768x714.jpg 768w, https:\/\/kinderbetreuung-neutraubling.de\/kindergarten-sausewind\/wp-content\/uploads\/sites\/4\/2020\/10\/Essen.jpg 1466w\" sizes=\"(max-width: 1024px) 100vw, 1024px\" \/><\/figure><\/div>\n<\/div><\/div>\n<\/div><\/div>\n\n\n\n<p><\/p>\n","protected":false},"excerpt":{"rendered":"<p>Kindergartenleitung Beate Dettenhofer, Erzieherin, zertifizierte Kindergartenleitung Sternengruppe, 07.15 &#8211; 13.15 Uhr Anke Fischer, Erzieherin, Gruppenleitung Jonas Kawasch, Kinderpfleger Nur G\u00f6ksu, Kinderpflegerin Sonnengruppe, 07.15 &#8211; 13.15 Uhr Andrea Ernst, Erzieherin, Gruppenleitung, stv. Kindergartenleitung Sidonia Bucur, Kinderpflegerin Gabi Reithmeier, Kinderpflegerin Stefanie von Lewinski, p\u00e4dagogische Fachkraft (2 Tage in der Gruppe) Verena Heinzig, Heilerziehungspflegerin (unterst\u00fctzt die Gruppe immer [&hellip;]<\/p>\n","protected":false},"author":2,"featured_media":0,"parent":0,"menu_order":0,"comment_status":"closed","ping_status":"closed","template":"","meta":{"ocean_post_layout":"","ocean_both_sidebars_style":"","ocean_both_sidebars_content_width":0,"ocean_both_sidebars_sidebars_width":0,"ocean_sidebar":"","ocean_second_sidebar":"","ocean_disable_margins":"enable","ocean_add_body_class":"","ocean_shortcode_before_top_bar":"","ocean_shortcode_after_top_bar":"","ocean_shortcode_before_header":"","ocean_shortcode_after_header":"","ocean_has_shortcode":"","ocean_shortcode_after_title":"","ocean_shortcode_before_footer_widgets":"","ocean_shortcode_after_footer_widgets":"","ocean_shortcode_before_footer_bottom":"","ocean_shortcode_after_footer_bottom":"","ocean_display_top_bar":"default","ocean_display_header":"default","ocean_header_style":"","ocean_center_header_left_menu":"","ocean_custom_header_template":"","ocean_custom_logo":0,"ocean_custom_retina_logo":0,"ocean_custom_logo_max_width":0,"ocean_custom_logo_tablet_max_width":0,"ocean_custom_logo_mobile_max_width":0,"ocean_custom_logo_max_height":0,"ocean_custom_logo_tablet_max_height":0,"ocean_custom_logo_mobile_max_height":0,"ocean_header_custom_menu":"","ocean_menu_typo_font_family":"","ocean_menu_typo_font_subset":"","ocean_menu_typo_font_size":0,"ocean_menu_typo_font_size_tablet":0,"ocean_menu_typo_font_size_mobile":0,"ocean_menu_typo_font_size_unit":"px","ocean_menu_typo_font_weight":"","ocean_menu_typo_font_weight_tablet":"","ocean_menu_typo_font_weight_mobile":"","ocean_menu_typo_transform":"","ocean_menu_typo_transform_tablet":"","ocean_menu_typo_transform_mobile":"","ocean_menu_typo_line_height":0,"ocean_menu_typo_line_height_tablet":0,"ocean_menu_typo_line_height_mobile":0,"ocean_menu_typo_line_height_unit":"","ocean_menu_typo_spacing":0,"ocean_menu_typo_spacing_tablet":0,"ocean_menu_typo_spacing_mobile":0,"ocean_menu_typo_spacing_unit":"","ocean_menu_link_color":"","ocean_menu_link_color_hover":"","ocean_menu_link_color_active":"","ocean_menu_link_background":"","ocean_menu_link_hover_background":"","ocean_menu_link_active_background":"","ocean_menu_social_links_bg":"","ocean_menu_social_hover_links_bg":"","ocean_menu_social_links_color":"","ocean_menu_social_hover_links_color":"","ocean_disable_title":"default","ocean_disable_heading":"default","ocean_post_title":"","ocean_post_subheading":"","ocean_post_title_style":"","ocean_post_title_background_color":"","ocean_post_title_background":0,"ocean_post_title_bg_image_position":"","ocean_post_title_bg_image_attachment":"","ocean_post_title_bg_image_repeat":"","ocean_post_title_bg_image_size":"","ocean_post_title_height":0,"ocean_post_title_bg_overlay":0.5,"ocean_post_title_bg_overlay_color":"","ocean_disable_breadcrumbs":"default","ocean_breadcrumbs_color":"","ocean_breadcrumbs_separator_color":"","ocean_breadcrumbs_links_color":"","ocean_breadcrumbs_links_hover_color":"","ocean_display_footer_widgets":"default","ocean_display_footer_bottom":"default","ocean_custom_footer_template":""},"_links":{"self":[{"href":"https:\/\/kinderbetreuung-neutraubling.de\/kindergarten-sausewind\/wp-json\/wp\/v2\/pages\/250"}],"collection":[{"href":"https:\/\/kinderbetreuung-neutraubling.de\/kindergarten-sausewind\/wp-json\/wp\/v2\/pages"}],"about":[{"href":"https:\/\/kinderbetreuung-neutraubling.de\/kindergarten-sausewind\/wp-json\/wp\/v2\/types\/page"}],"author":[{"embeddable":true,"href":"https:\/\/kinderbetreuung-neutraubling.de\/kindergarten-sausewind\/wp-json\/wp\/v2\/users\/2"}],"replies":[{"embeddable":true,"href":"https:\/\/kinderbetreuung-neutraubling.de\/kindergarten-sausewind\/wp-json\/wp\/v2\/comments?post=250"}],"version-history":[{"count":60,"href":"https:\/\/kinderbetreuung-neutraubling.de\/kindergarten-sausewind\/wp-json\/wp\/v2\/pages\/250\/revisions"}],"predecessor-version":[{"id":1511,"href":"https:\/\/kinderbetreuung-neutraubling.de\/kindergarten-sausewind\/wp-json\/wp\/v2\/pages\/250\/revisions\/1511"}],"wp:attachment":[{"href":"https:\/\/kinderbetreuung-neutraubling.de\/kindergarten-sausewind\/wp-json\/wp\/v2\/media?parent=250"}],"curies":[{"name":"wp","href":"https:\/\/api.w.org\/{rel}","templated":true}]}}