{"id":114,"date":"2020-08-05T08:27:36","date_gmt":"2020-08-05T06:27:36","guid":{"rendered":"https:\/\/kinderbetreuung-neutraubling.de\/kindergarten-sausewind\/?page_id=114"},"modified":"2024-09-10T08:51:16","modified_gmt":"2024-09-10T06:51:16","slug":"konzeption","status":"publish","type":"page","link":"https:\/\/kinderbetreuung-neutraubling.de\/kindergarten-sausewind\/konzeption\/","title":{"rendered":"Konzeption"},"content":{"rendered":"\n<h2>Unsere Konzeption: <\/h2>\n\n\n\n<div class=\"is-layout-flex wp-block-buttons\">\n<div class=\"wp-block-button\"><a class=\"wp-block-button__link wp-element-button\" href=\"https:\/\/kinderbetreuung-neutraubling.de\/kindergarten-sausewind\/wp-content\/uploads\/sites\/4\/2023\/11\/Konzeption-2023.doc\" target=\"_blank\" rel=\"noreferrer noopener\">Konzeption<\/a><\/div>\n<\/div>\n\n\n\n<div style=\"height:60px\" aria-hidden=\"true\" class=\"wp-block-spacer\"><\/div>\n\n\n\n<h2>Unser Kinderschutzkonzept: <\/h2>\n\n\n\n<div class=\"is-layout-flex wp-block-buttons\">\n<div class=\"wp-block-button\"><a class=\"wp-block-button__link wp-element-button\" href=\"https:\/\/kinderbetreuung-neutraubling.de\/kindergarten-sausewind\/wp-content\/uploads\/sites\/4\/2024\/01\/Kinderschutzkonzept.docx\">Kinderschutzkonzept<\/a><\/div>\n<\/div>\n\n\n\n<div style=\"height:100px\" aria-hidden=\"true\" class=\"wp-block-spacer\"><\/div>\n\n\n\n<h2 class=\"has-vivid-green-cyan-color has-text-color\">Unser Bild vom Kind<\/h2>\n\n\n\n<figure class=\"wp-block-image alignfull size-large\"><img decoding=\"async\" loading=\"lazy\" width=\"716\" height=\"394\" src=\"https:\/\/kinderbetreuung-neutraubling.de\/kindergarten-sausewind\/wp-content\/uploads\/sites\/4\/2021\/02\/Bild_vom_Kind.jpg\" alt=\"\" class=\"wp-image-591\" srcset=\"https:\/\/kinderbetreuung-neutraubling.de\/kindergarten-sausewind\/wp-content\/uploads\/sites\/4\/2021\/02\/Bild_vom_Kind.jpg 716w, https:\/\/kinderbetreuung-neutraubling.de\/kindergarten-sausewind\/wp-content\/uploads\/sites\/4\/2021\/02\/Bild_vom_Kind-300x165.jpg 300w\" sizes=\"(max-width: 716px) 100vw, 716px\" \/><figcaption class=\"wp-element-caption\">aus unserer Konzeption! <\/figcaption><\/figure>\n\n\n\n<div style=\"height:73px\" aria-hidden=\"true\" class=\"wp-block-spacer\"><\/div>\n\n\n\n<h2 class=\"has-text-align-center has-vivid-purple-color has-text-color\">Bedeutung des Spiels f\u00fcr die Entwicklung der Kinder <\/h2>\n\n\n\n<p>Spielsituationen sind immer auch Lernsituationen f\u00fcr die Kinder. Gerade im freien Spiel k\u00f6nnen Kinder ausprobieren, lernen das soziale Miteinander und Freundschaften entstehen. Spiel ist Vorbereitung aufs Leben und auf die Schule. Kinder lernen R\u00fccksicht zu nehmen, warten k\u00f6nnen (Geduld) und auch die Konfliktf\u00e4higkeit wird gest\u00e4rkt. <\/p>\n\n\n<div class=\"wp-block-image\">\n<figure class=\"alignleft size-large is-resized\"><img decoding=\"async\" loading=\"lazy\" src=\"https:\/\/kinderbetreuung-neutraubling.de\/kindergarten-sausewind\/wp-content\/uploads\/sites\/4\/2021\/02\/Memory1-rotated.jpg\" alt=\"\" class=\"wp-image-583\" width=\"335\" height=\"447\" srcset=\"https:\/\/kinderbetreuung-neutraubling.de\/kindergarten-sausewind\/wp-content\/uploads\/sites\/4\/2021\/02\/Memory1-rotated.jpg 433w, https:\/\/kinderbetreuung-neutraubling.de\/kindergarten-sausewind\/wp-content\/uploads\/sites\/4\/2021\/02\/Memory1-225x300.jpg 225w\" sizes=\"(max-width: 335px) 100vw, 335px\" \/><figcaption class=\"wp-element-caption\">Tischspiele<\/figcaption><\/figure><\/div>\n\n<div class=\"wp-block-image\">\n<figure class=\"alignright size-large is-resized\"><img decoding=\"async\" loading=\"lazy\" src=\"https:\/\/kinderbetreuung-neutraubling.de\/kindergarten-sausewind\/wp-content\/uploads\/sites\/4\/2021\/02\/Formen_Farben.jpg\" alt=\"\" class=\"wp-image-586\" width=\"430\" height=\"323\" srcset=\"https:\/\/kinderbetreuung-neutraubling.de\/kindergarten-sausewind\/wp-content\/uploads\/sites\/4\/2021\/02\/Formen_Farben.jpg 577w, https:\/\/kinderbetreuung-neutraubling.de\/kindergarten-sausewind\/wp-content\/uploads\/sites\/4\/2021\/02\/Formen_Farben-300x225.jpg 300w\" sizes=\"(max-width: 430px) 100vw, 430px\" \/><figcaption class=\"wp-element-caption\">Formen und Farben lernen <\/figcaption><\/figure><\/div>\n\n\n<div style=\"height:20px\" aria-hidden=\"true\" class=\"wp-block-spacer\"><\/div>\n\n\n<div class=\"wp-block-image\">\n<figure class=\"alignright size-large is-resized\"><img decoding=\"async\" loading=\"lazy\" src=\"https:\/\/kinderbetreuung-neutraubling.de\/kindergarten-sausewind\/wp-content\/uploads\/sites\/4\/2021\/02\/Bewegungsecke_1-rotated.jpg\" alt=\"\" class=\"wp-image-585\" width=\"341\" height=\"455\" srcset=\"https:\/\/kinderbetreuung-neutraubling.de\/kindergarten-sausewind\/wp-content\/uploads\/sites\/4\/2021\/02\/Bewegungsecke_1-rotated.jpg 433w, https:\/\/kinderbetreuung-neutraubling.de\/kindergarten-sausewind\/wp-content\/uploads\/sites\/4\/2021\/02\/Bewegungsecke_1-225x300.jpg 225w\" sizes=\"(max-width: 341px) 100vw, 341px\" \/><figcaption class=\"wp-element-caption\">Gemeinsam in der Bewegungsecke am Gang spielen<\/figcaption><\/figure><\/div>\n\n<div class=\"wp-block-image\">\n<figure class=\"alignleft size-large is-resized\"><img decoding=\"async\" loading=\"lazy\" src=\"https:\/\/kinderbetreuung-neutraubling.de\/kindergarten-sausewind\/wp-content\/uploads\/sites\/4\/2021\/02\/Puppenecke-rotated.jpg\" alt=\"\" class=\"wp-image-588\" width=\"273\" height=\"485\" srcset=\"https:\/\/kinderbetreuung-neutraubling.de\/kindergarten-sausewind\/wp-content\/uploads\/sites\/4\/2021\/02\/Puppenecke-rotated.jpg 375w, https:\/\/kinderbetreuung-neutraubling.de\/kindergarten-sausewind\/wp-content\/uploads\/sites\/4\/2021\/02\/Puppenecke-169x300.jpg 169w\" sizes=\"(max-width: 273px) 100vw, 273px\" \/><figcaption class=\"wp-element-caption\">Rollenspiele in der Puppenecke<\/figcaption><\/figure><\/div>\n\n\n<p class=\"has-text-align-center\"><\/p>\n\n\n\n<div style=\"height:58px\" aria-hidden=\"true\" class=\"wp-block-spacer\"><\/div>\n\n\n\n<h2 class=\"has-text-align-center has-vivid-red-color has-text-color has-large-font-size\">Umsetzung der Bildungs- und Erziehungsziele bei uns im Kindergarten<\/h2>\n\n\n\n<div style=\"height:20px\" aria-hidden=\"true\" class=\"wp-block-spacer\"><\/div>\n\n\n\n<h2 class=\"has-luminous-vivid-orange-color has-text-color\">Ethische und religi\u00f6se Bildung und Erziehung <\/h2>\n\n\n\n<p>Die kulturelle Vielfalt in unserer Einrichtung zeigt den Kindern, dass es verschiedene Religionen und Br\u00e4uche gibt. Ein wichtiger Teil der ethischen Erziehung ist den Kindern eine positive Grundeinstellung und Vertrauen ins Leben mitzugeben. Werte wie z. B. Toleranz, Respekt und Mitgef\u00fchl sollen fest verankert werden.  <\/p>\n\n\n<div class=\"wp-block-image\">\n<figure class=\"alignleft size-large is-resized\"><img decoding=\"async\" loading=\"lazy\" src=\"https:\/\/kinderbetreuung-neutraubling.de\/kindergarten-sausewind\/wp-content\/uploads\/sites\/4\/2021\/02\/Religion2-1024x768.jpg\" alt=\"\" class=\"wp-image-514\" width=\"448\" height=\"336\" srcset=\"https:\/\/kinderbetreuung-neutraubling.de\/kindergarten-sausewind\/wp-content\/uploads\/sites\/4\/2021\/02\/Religion2-1024x768.jpg 1024w, https:\/\/kinderbetreuung-neutraubling.de\/kindergarten-sausewind\/wp-content\/uploads\/sites\/4\/2021\/02\/Religion2-300x225.jpg 300w, https:\/\/kinderbetreuung-neutraubling.de\/kindergarten-sausewind\/wp-content\/uploads\/sites\/4\/2021\/02\/Religion2-768x576.jpg 768w, https:\/\/kinderbetreuung-neutraubling.de\/kindergarten-sausewind\/wp-content\/uploads\/sites\/4\/2021\/02\/Religion2-1536x1152.jpg 1536w, https:\/\/kinderbetreuung-neutraubling.de\/kindergarten-sausewind\/wp-content\/uploads\/sites\/4\/2021\/02\/Religion2.jpg 1632w\" sizes=\"(max-width: 448px) 100vw, 448px\" \/><figcaption class=\"wp-element-caption\">gemeinschaftliche Malarbeit &#8211; religi\u00f6se Bilder und Symbole<\/figcaption><\/figure><\/div>\n\n\n<figure class=\"wp-block-image size-large is-resized\"><img decoding=\"async\" loading=\"lazy\" src=\"https:\/\/kinderbetreuung-neutraubling.de\/kindergarten-sausewind\/wp-content\/uploads\/sites\/4\/2021\/02\/Religion1-rotated.jpg\" alt=\"\" class=\"wp-image-516\" width=\"358\" height=\"477\" srcset=\"https:\/\/kinderbetreuung-neutraubling.de\/kindergarten-sausewind\/wp-content\/uploads\/sites\/4\/2021\/02\/Religion1-rotated.jpg 433w, https:\/\/kinderbetreuung-neutraubling.de\/kindergarten-sausewind\/wp-content\/uploads\/sites\/4\/2021\/02\/Religion1-225x300.jpg 225w\" sizes=\"(max-width: 358px) 100vw, 358px\" \/><figcaption class=\"wp-element-caption\">Ramadan &#8211; ein Erz\u00e4hltheater<\/figcaption><\/figure>\n\n\n\n<div style=\"height:20px\" aria-hidden=\"true\" class=\"wp-block-spacer\"><\/div>\n\n\n\n<h2 class=\"has-luminous-vivid-orange-color has-text-color\">Sprachliche Bildung und F\u00f6rderung<\/h2>\n\n\n\n<figure class=\"wp-block-image alignfull size-large\"><img decoding=\"async\" loading=\"lazy\" width=\"1024\" height=\"237\" src=\"https:\/\/kinderbetreuung-neutraubling.de\/kindergarten-sausewind\/wp-content\/uploads\/sites\/4\/2021\/02\/Sprache-1024x237.jpg\" alt=\"\" class=\"wp-image-551\" srcset=\"https:\/\/kinderbetreuung-neutraubling.de\/kindergarten-sausewind\/wp-content\/uploads\/sites\/4\/2021\/02\/Sprache-1024x237.jpg 1024w, https:\/\/kinderbetreuung-neutraubling.de\/kindergarten-sausewind\/wp-content\/uploads\/sites\/4\/2021\/02\/Sprache-300x69.jpg 300w, https:\/\/kinderbetreuung-neutraubling.de\/kindergarten-sausewind\/wp-content\/uploads\/sites\/4\/2021\/02\/Sprache-768x178.jpg 768w, https:\/\/kinderbetreuung-neutraubling.de\/kindergarten-sausewind\/wp-content\/uploads\/sites\/4\/2021\/02\/Sprache.jpg 1101w\" sizes=\"(max-width: 1024px) 100vw, 1024px\" \/><\/figure>\n\n\n\n<h4 class=\"has-vivid-purple-color has-text-color\">Alltagsintegrierte Sprachf\u00f6rderung<\/h4>\n\n\n\n<p>Sprache lernen die Kinder nebenbei im Gruppenalltag. Alles wird durch Sprache begleitet. Die Kinder lernen in ganzen S\u00e4tzen zu Sprechen und stets alle Gegenst\u00e4nde genau zu benennen (z. B. nicht nur Stifte, sondern Buntstift oder Bleistift). <\/p>\n\n\n<div class=\"wp-block-image\">\n<figure class=\"alignleft size-large is-resized\"><img decoding=\"async\" loading=\"lazy\" src=\"https:\/\/kinderbetreuung-neutraubling.de\/kindergarten-sausewind\/wp-content\/uploads\/sites\/4\/2021\/02\/Was-f\u00fcr-Stifte-gibt-es--rotated.jpg\" alt=\"\" class=\"wp-image-554\" width=\"315\" height=\"420\" srcset=\"https:\/\/kinderbetreuung-neutraubling.de\/kindergarten-sausewind\/wp-content\/uploads\/sites\/4\/2021\/02\/Was-f\u00fcr-Stifte-gibt-es--rotated.jpg 433w, https:\/\/kinderbetreuung-neutraubling.de\/kindergarten-sausewind\/wp-content\/uploads\/sites\/4\/2021\/02\/Was-f\u00fcr-Stifte-gibt-es--225x300.jpg 225w\" sizes=\"(max-width: 315px) 100vw, 315px\" \/><figcaption class=\"wp-element-caption\">Richtige Benennung der Stifte <\/figcaption><\/figure><\/div>\n\n<div class=\"wp-block-image\">\n<figure class=\"alignright size-large is-resized\"><img decoding=\"async\" loading=\"lazy\" src=\"https:\/\/kinderbetreuung-neutraubling.de\/kindergarten-sausewind\/wp-content\/uploads\/sites\/4\/2021\/02\/Anlauttabelle-rotated.jpg\" alt=\"\" class=\"wp-image-575\" width=\"315\" height=\"419\" srcset=\"https:\/\/kinderbetreuung-neutraubling.de\/kindergarten-sausewind\/wp-content\/uploads\/sites\/4\/2021\/02\/Anlauttabelle-rotated.jpg 433w, https:\/\/kinderbetreuung-neutraubling.de\/kindergarten-sausewind\/wp-content\/uploads\/sites\/4\/2021\/02\/Anlauttabelle-225x300.jpg 225w\" sizes=\"(max-width: 315px) 100vw, 315px\" \/><figcaption class=\"wp-element-caption\">Anlauttabelle <\/figcaption><\/figure><\/div>\n\n\n<div style=\"height:20px\" aria-hidden=\"true\" class=\"wp-block-spacer\"><\/div>\n\n\n\n<h4 class=\"has-vivid-purple-color has-text-color\">Gruppen\u00fcbergreifende Sprachf\u00f6rderung<\/h4>\n\n\n\n<p>Die gruppen\u00fcbergreifende Sprachf\u00f6rderung ist f\u00fcr alle Kinder, die beim Erlernen der Deutschen Sprache noch Unterst\u00fctzung ben\u00f6tigen.  <span class=\"has-inline-color has-luminous-vivid-orange-color\">Die Sprache ist der Schl\u00fcssel zur Bildung! <\/span><\/p>\n\n\n<div class=\"wp-block-image\">\n<figure class=\"aligncenter size-large is-resized\"><img decoding=\"async\" loading=\"lazy\" src=\"https:\/\/kinderbetreuung-neutraubling.de\/kindergarten-sausewind\/wp-content\/uploads\/sites\/4\/2021\/02\/Sprache_Vorkurse.jpg\" alt=\"\" class=\"wp-image-541\" width=\"522\" height=\"294\" srcset=\"https:\/\/kinderbetreuung-neutraubling.de\/kindergarten-sausewind\/wp-content\/uploads\/sites\/4\/2021\/02\/Sprache_Vorkurse.jpg 666w, https:\/\/kinderbetreuung-neutraubling.de\/kindergarten-sausewind\/wp-content\/uploads\/sites\/4\/2021\/02\/Sprache_Vorkurse-300x169.jpg 300w\" sizes=\"(max-width: 522px) 100vw, 522px\" \/><\/figure><\/div>\n\n\n<div style=\"height:20px\" aria-hidden=\"true\" class=\"wp-block-spacer\"><\/div>\n\n\n\n<h2 class=\"has-luminous-vivid-orange-color has-text-color\">Mathematische Bildung <\/h2>\n\n\n\n<p>Mathematik begegnet uns \u00fcberall, deswegen bietet auch das Freispiel unz\u00e4hlige M\u00f6glichkeiten das mathematische Grundverst\u00e4ndnis spielerisch zu wecken und zu trainieren, z. B. durch Tischspiele, Puzzle, bauen in der Bauecke usw.. <\/p>\n\n\n<div class=\"wp-block-image\">\n<figure class=\"aligncenter size-large is-resized\"><img decoding=\"async\" loading=\"lazy\" src=\"https:\/\/kinderbetreuung-neutraubling.de\/kindergarten-sausewind\/wp-content\/uploads\/sites\/4\/2021\/02\/Mathe-1024x589.jpg\" alt=\"\" class=\"wp-image-503\" width=\"516\" height=\"296\" srcset=\"https:\/\/kinderbetreuung-neutraubling.de\/kindergarten-sausewind\/wp-content\/uploads\/sites\/4\/2021\/02\/Mathe-1024x589.jpg 1024w, https:\/\/kinderbetreuung-neutraubling.de\/kindergarten-sausewind\/wp-content\/uploads\/sites\/4\/2021\/02\/Mathe-300x172.jpg 300w, https:\/\/kinderbetreuung-neutraubling.de\/kindergarten-sausewind\/wp-content\/uploads\/sites\/4\/2021\/02\/Mathe-768x441.jpg 768w, https:\/\/kinderbetreuung-neutraubling.de\/kindergarten-sausewind\/wp-content\/uploads\/sites\/4\/2021\/02\/Mathe-1536x883.jpg 1536w, https:\/\/kinderbetreuung-neutraubling.de\/kindergarten-sausewind\/wp-content\/uploads\/sites\/4\/2021\/02\/Mathe.jpg 1865w\" sizes=\"(max-width: 516px) 100vw, 516px\" \/><\/figure><\/div>\n\n<p class=\"responsive-video-wrap clr\"><iframe loading=\"lazy\" title=\"Mathematik und Technik im Kindergarten\" width=\"1200\" height=\"675\" src=\"https:\/\/www.youtube.com\/embed\/q5cdOoHCNVE?feature=oembed\" frameborder=\"0\" allow=\"accelerometer; autoplay; clipboard-write; encrypted-media; gyroscope; picture-in-picture; web-share\" referrerpolicy=\"strict-origin-when-cross-origin\" allowfullscreen><\/iframe><\/p>\n\n\n\n<div style=\"height:21px\" aria-hidden=\"true\" class=\"wp-block-spacer\"><\/div>\n\n\n\n<h2 class=\"has-luminous-vivid-orange-color has-text-color\">Naturwissenschaftliche und technische Bildung <\/h2>\n\n\n\n<p>Neugierig werden auf die Welt, entdecken wie die Dinge funktionieren und warum die so funktionieren. <\/p>\n\n\n<div class=\"wp-block-image\">\n<figure class=\"alignleft size-large is-resized\"><img decoding=\"async\" loading=\"lazy\" src=\"https:\/\/kinderbetreuung-neutraubling.de\/kindergarten-sausewind\/wp-content\/uploads\/sites\/4\/2021\/02\/Wachsen-der-Pflanzen-.jpg\" alt=\"\" class=\"wp-image-578\" width=\"437\" height=\"328\" srcset=\"https:\/\/kinderbetreuung-neutraubling.de\/kindergarten-sausewind\/wp-content\/uploads\/sites\/4\/2021\/02\/Wachsen-der-Pflanzen-.jpg 577w, https:\/\/kinderbetreuung-neutraubling.de\/kindergarten-sausewind\/wp-content\/uploads\/sites\/4\/2021\/02\/Wachsen-der-Pflanzen--300x225.jpg 300w\" sizes=\"(max-width: 437px) 100vw, 437px\" \/><figcaption class=\"wp-element-caption\">Wachstum von Pflanzen beobachten<\/figcaption><\/figure><\/div>\n\n<div class=\"wp-block-image\">\n<figure class=\"alignright size-large is-resized\"><img decoding=\"async\" loading=\"lazy\" src=\"https:\/\/kinderbetreuung-neutraubling.de\/kindergarten-sausewind\/wp-content\/uploads\/sites\/4\/2021\/02\/Magnete--rotated.jpg\" alt=\"\" class=\"wp-image-580\" width=\"334\" height=\"445\" srcset=\"https:\/\/kinderbetreuung-neutraubling.de\/kindergarten-sausewind\/wp-content\/uploads\/sites\/4\/2021\/02\/Magnete--rotated.jpg 433w, https:\/\/kinderbetreuung-neutraubling.de\/kindergarten-sausewind\/wp-content\/uploads\/sites\/4\/2021\/02\/Magnete--225x300.jpg 225w\" sizes=\"(max-width: 334px) 100vw, 334px\" \/><figcaption class=\"wp-element-caption\">Magnete &#8211; anziehend und absto\u00dfend! <\/figcaption><\/figure><\/div>\n\n\n<div style=\"height:24px\" aria-hidden=\"true\" class=\"wp-block-spacer\"><\/div>\n\n\n\n<h2 class=\"has-luminous-vivid-orange-color has-text-color\">Umweltbildung und -erziehung<\/h2>\n\n\n\n<h4><mark class=\"has-inline-color has-vivid-cyan-blue-color\">Umweltbildung und -erziehung <\/mark><\/h4>\n\n\n<div class=\"wp-block-image\">\n<figure class=\"alignleft size-large is-resized\"><img decoding=\"async\" loading=\"lazy\" src=\"https:\/\/kinderbetreuung-neutraubling.de\/kindergarten-sausewind\/wp-content\/uploads\/sites\/4\/2021\/02\/Insekten_Beobachten--1024x790.jpg\" alt=\"\" class=\"wp-image-595\" width=\"400\" height=\"309\" srcset=\"https:\/\/kinderbetreuung-neutraubling.de\/kindergarten-sausewind\/wp-content\/uploads\/sites\/4\/2021\/02\/Insekten_Beobachten--1024x790.jpg 1024w, https:\/\/kinderbetreuung-neutraubling.de\/kindergarten-sausewind\/wp-content\/uploads\/sites\/4\/2021\/02\/Insekten_Beobachten--300x232.jpg 300w, https:\/\/kinderbetreuung-neutraubling.de\/kindergarten-sausewind\/wp-content\/uploads\/sites\/4\/2021\/02\/Insekten_Beobachten--768x593.jpg 768w, https:\/\/kinderbetreuung-neutraubling.de\/kindergarten-sausewind\/wp-content\/uploads\/sites\/4\/2021\/02\/Insekten_Beobachten--1536x1186.jpg 1536w, https:\/\/kinderbetreuung-neutraubling.de\/kindergarten-sausewind\/wp-content\/uploads\/sites\/4\/2021\/02\/Insekten_Beobachten--2048x1581.jpg 2048w\" sizes=\"(max-width: 400px) 100vw, 400px\" \/><figcaption class=\"wp-element-caption\">Naturbeobachtungen<\/figcaption><\/figure><\/div>\n\n\n<figure class=\"wp-block-image size-large is-resized\"><img decoding=\"async\" loading=\"lazy\" src=\"https:\/\/kinderbetreuung-neutraubling.de\/kindergarten-sausewind\/wp-content\/uploads\/sites\/4\/2021\/02\/Umwelt1.jpg\" alt=\"\" class=\"wp-image-523\" width=\"414\" height=\"311\" srcset=\"https:\/\/kinderbetreuung-neutraubling.de\/kindergarten-sausewind\/wp-content\/uploads\/sites\/4\/2021\/02\/Umwelt1.jpg 577w, https:\/\/kinderbetreuung-neutraubling.de\/kindergarten-sausewind\/wp-content\/uploads\/sites\/4\/2021\/02\/Umwelt1-300x225.jpg 300w\" sizes=\"(max-width: 414px) 100vw, 414px\" \/><figcaption class=\"wp-element-caption\">Pflege eigener Pflanzen<\/figcaption><\/figure>\n\n\n\n<div style=\"height:20px\" aria-hidden=\"true\" class=\"wp-block-spacer\"><\/div>\n\n\n\n<h2 class=\"has-luminous-vivid-orange-color has-text-color\">Informationstechnische Bildung und Medienbildung<\/h2>\n\n\n\n<p>Eine Vielzahl von Medien geh\u00f6ren zu der Lebenswelt unserer Kinder. Schon im jungen Alter ist es wichtig einen bewussten und kontrollierten Umgang mit Medien zu erlernen. <\/p>\n\n\n<div class=\"wp-block-image\">\n<figure class=\"alignleft size-large is-resized\"><img decoding=\"async\" loading=\"lazy\" src=\"https:\/\/kinderbetreuung-neutraubling.de\/kindergarten-sausewind\/wp-content\/uploads\/sites\/4\/2021\/02\/Medien-1-1.jpg\" alt=\"\" class=\"wp-image-548\" width=\"362\" height=\"271\" srcset=\"https:\/\/kinderbetreuung-neutraubling.de\/kindergarten-sausewind\/wp-content\/uploads\/sites\/4\/2021\/02\/Medien-1-1.jpg 577w, https:\/\/kinderbetreuung-neutraubling.de\/kindergarten-sausewind\/wp-content\/uploads\/sites\/4\/2021\/02\/Medien-1-1-300x225.jpg 300w\" sizes=\"(max-width: 362px) 100vw, 362px\" \/><figcaption class=\"wp-element-caption\">Verschiedene Medien <\/figcaption><\/figure><\/div>\n\n<div class=\"wp-block-image\">\n<figure class=\"alignright size-large is-resized\"><img decoding=\"async\" loading=\"lazy\" src=\"https:\/\/kinderbetreuung-neutraubling.de\/kindergarten-sausewind\/wp-content\/uploads\/sites\/4\/2021\/02\/Erz\u00e4hltheater-1.jpg\" alt=\"\" class=\"wp-image-549\" width=\"406\" height=\"270\" srcset=\"https:\/\/kinderbetreuung-neutraubling.de\/kindergarten-sausewind\/wp-content\/uploads\/sites\/4\/2021\/02\/Erz\u00e4hltheater-1.jpg 613w, https:\/\/kinderbetreuung-neutraubling.de\/kindergarten-sausewind\/wp-content\/uploads\/sites\/4\/2021\/02\/Erz\u00e4hltheater-1-300x199.jpg 300w\" sizes=\"(max-width: 406px) 100vw, 406px\" \/><figcaption class=\"wp-element-caption\">Erz\u00e4hltheater<\/figcaption><\/figure><\/div>\n\n\n<div class=\"is-layout-flow wp-block-group\"><div class=\"wp-block-group__inner-container\">\n<div style=\"height:20px\" aria-hidden=\"true\" class=\"wp-block-spacer\"><\/div>\n<\/div><\/div>\n\n\n\n<h2 class=\"has-luminous-vivid-orange-color has-text-color\">\u00c4sthetische, bildnerische und kulturelle Bildung und Erziehung<\/h2>\n\n\n\n<p>Zeig mir die Farben der ganzen Welt, damit ich sie voll Freude mit all meinen Sinnen beGREIFEN kann!<\/p>\n\n\n<div class=\"wp-block-image\">\n<figure class=\"alignleft size-large is-resized\"><img decoding=\"async\" loading=\"lazy\" src=\"https:\/\/kinderbetreuung-neutraubling.de\/kindergarten-sausewind\/wp-content\/uploads\/sites\/4\/2021\/02\/Kunst1.jpg\" alt=\"\" class=\"wp-image-519\" width=\"406\" height=\"305\" srcset=\"https:\/\/kinderbetreuung-neutraubling.de\/kindergarten-sausewind\/wp-content\/uploads\/sites\/4\/2021\/02\/Kunst1.jpg 577w, https:\/\/kinderbetreuung-neutraubling.de\/kindergarten-sausewind\/wp-content\/uploads\/sites\/4\/2021\/02\/Kunst1-300x225.jpg 300w\" sizes=\"(max-width: 406px) 100vw, 406px\" \/><\/figure><\/div>\n\n\n<figure class=\"wp-block-image size-large is-resized\"><img decoding=\"async\" loading=\"lazy\" src=\"https:\/\/kinderbetreuung-neutraubling.de\/kindergarten-sausewind\/wp-content\/uploads\/sites\/4\/2021\/02\/Kunst2.jpg\" alt=\"\" class=\"wp-image-520\" width=\"419\" height=\"314\" srcset=\"https:\/\/kinderbetreuung-neutraubling.de\/kindergarten-sausewind\/wp-content\/uploads\/sites\/4\/2021\/02\/Kunst2.jpg 577w, https:\/\/kinderbetreuung-neutraubling.de\/kindergarten-sausewind\/wp-content\/uploads\/sites\/4\/2021\/02\/Kunst2-300x225.jpg 300w\" sizes=\"(max-width: 419px) 100vw, 419px\" \/><\/figure>\n\n\n\n<div style=\"height:21px\" aria-hidden=\"true\" class=\"wp-block-spacer\"><\/div>\n\n\n\n<h2 class=\"has-luminous-vivid-orange-color has-text-color\">Musikalische Bildung und Erziehung <\/h2>\n\n\n\n<p>Kinder haben eine nat\u00fcrliche Freude an Musik. Sie erleben, dass Musik mit Bewegung und Sprache verbunden werden kann, erfahren Takt und Rhythmus und lernen zu zuh\u00f6ren. <\/p>\n\n\n<div class=\"wp-block-image\">\n<figure class=\"aligncenter size-large is-resized\"><img decoding=\"async\" loading=\"lazy\" src=\"https:\/\/kinderbetreuung-neutraubling.de\/kindergarten-sausewind\/wp-content\/uploads\/sites\/4\/2021\/02\/Musik--1024x768.jpg\" alt=\"\" class=\"wp-image-510\" width=\"446\" height=\"334\" srcset=\"https:\/\/kinderbetreuung-neutraubling.de\/kindergarten-sausewind\/wp-content\/uploads\/sites\/4\/2021\/02\/Musik--1024x768.jpg 1024w, https:\/\/kinderbetreuung-neutraubling.de\/kindergarten-sausewind\/wp-content\/uploads\/sites\/4\/2021\/02\/Musik--300x225.jpg 300w, https:\/\/kinderbetreuung-neutraubling.de\/kindergarten-sausewind\/wp-content\/uploads\/sites\/4\/2021\/02\/Musik--768x576.jpg 768w, https:\/\/kinderbetreuung-neutraubling.de\/kindergarten-sausewind\/wp-content\/uploads\/sites\/4\/2021\/02\/Musik--1536x1152.jpg 1536w, https:\/\/kinderbetreuung-neutraubling.de\/kindergarten-sausewind\/wp-content\/uploads\/sites\/4\/2021\/02\/Musik-.jpg 1632w\" sizes=\"(max-width: 446px) 100vw, 446px\" \/><\/figure><\/div>\n\n\n<div style=\"height:20px\" aria-hidden=\"true\" class=\"wp-block-spacer\"><\/div>\n\n\n\n<h2 class=\"has-luminous-vivid-orange-color has-text-color\">Bewegungserziehung und -f\u00f6rderung, Sport<\/h2>\n\n\n\n<p>Durch Bewegung k\u00f6nnen die Kinder die Welt erfahren und be<strong>greifen<\/strong>!  Bewegung st\u00e4rkt den Gleichgewichtssinn, schult die Wahrnehmung und die Raumorientierung. K\u00f6rperbewusstsein und Koordinationsf\u00e4higkeit werden gest\u00e4rkt. <\/p>\n\n\n<div class=\"wp-block-image\">\n<figure class=\"alignleft size-large is-resized\"><img decoding=\"async\" loading=\"lazy\" src=\"https:\/\/kinderbetreuung-neutraubling.de\/kindergarten-sausewind\/wp-content\/uploads\/sites\/4\/2021\/02\/Motorik_Bweegung.jpg\" alt=\"\" class=\"wp-image-556\" width=\"276\" height=\"184\" srcset=\"https:\/\/kinderbetreuung-neutraubling.de\/kindergarten-sausewind\/wp-content\/uploads\/sites\/4\/2021\/02\/Motorik_Bweegung.jpg 613w, https:\/\/kinderbetreuung-neutraubling.de\/kindergarten-sausewind\/wp-content\/uploads\/sites\/4\/2021\/02\/Motorik_Bweegung-300x199.jpg 300w\" sizes=\"(max-width: 276px) 100vw, 276px\" \/><figcaption class=\"wp-element-caption\">Sicheres Treppensteigen<\/figcaption><\/figure><\/div>\n\n<div class=\"wp-block-image\">\n<figure class=\"alignright size-large is-resized\"><img decoding=\"async\" loading=\"lazy\" src=\"https:\/\/kinderbetreuung-neutraubling.de\/kindergarten-sausewind\/wp-content\/uploads\/sites\/4\/2021\/02\/Sport.jpg\" alt=\"\" class=\"wp-image-557\" width=\"291\" height=\"193\" srcset=\"https:\/\/kinderbetreuung-neutraubling.de\/kindergarten-sausewind\/wp-content\/uploads\/sites\/4\/2021\/02\/Sport.jpg 613w, https:\/\/kinderbetreuung-neutraubling.de\/kindergarten-sausewind\/wp-content\/uploads\/sites\/4\/2021\/02\/Sport-300x199.jpg 300w\" sizes=\"(max-width: 291px) 100vw, 291px\" \/><figcaption class=\"wp-element-caption\">regelm\u00e4\u00dfige Turnstunden<\/figcaption><\/figure><\/div>\n\n<div class=\"wp-block-image\">\n<figure class=\"alignright size-large is-resized\"><img decoding=\"async\" loading=\"lazy\" src=\"https:\/\/kinderbetreuung-neutraubling.de\/kindergarten-sausewind\/wp-content\/uploads\/sites\/4\/2021\/02\/Weg-in-den-Garten--rotated.jpg\" alt=\"\" class=\"wp-image-558\" width=\"217\" height=\"289\" srcset=\"https:\/\/kinderbetreuung-neutraubling.de\/kindergarten-sausewind\/wp-content\/uploads\/sites\/4\/2021\/02\/Weg-in-den-Garten--rotated.jpg 433w, https:\/\/kinderbetreuung-neutraubling.de\/kindergarten-sausewind\/wp-content\/uploads\/sites\/4\/2021\/02\/Weg-in-den-Garten--225x300.jpg 225w\" sizes=\"(max-width: 217px) 100vw, 217px\" \/><figcaption class=\"wp-element-caption\">Bewegung im Freien<\/figcaption><\/figure><\/div>\n\n\n<div style=\"height:20px\" aria-hidden=\"true\" class=\"wp-block-spacer\"><\/div>\n\n\n\n<h4 class=\"has-vivid-purple-color has-text-color\">Feinmotorik &#8211; ein Unterbereich der Bewegung<\/h4>\n\n\n\n<p>Die Feinmotorik wird auch in vielen Bereichen gef\u00f6rdert, z. B. durch F\u00e4del-, Steckspiele und vieles andere. <\/p>\n\n\n<div class=\"wp-block-image\">\n<figure class=\"alignleft size-large is-resized\"><img decoding=\"async\" loading=\"lazy\" src=\"https:\/\/kinderbetreuung-neutraubling.de\/kindergarten-sausewind\/wp-content\/uploads\/sites\/4\/2021\/02\/Weben-rotated.jpg\" alt=\"\" class=\"wp-image-562\" width=\"322\" height=\"429\" srcset=\"https:\/\/kinderbetreuung-neutraubling.de\/kindergarten-sausewind\/wp-content\/uploads\/sites\/4\/2021\/02\/Weben-rotated.jpg 433w, https:\/\/kinderbetreuung-neutraubling.de\/kindergarten-sausewind\/wp-content\/uploads\/sites\/4\/2021\/02\/Weben-225x300.jpg 225w\" sizes=\"(max-width: 322px) 100vw, 322px\" \/><\/figure><\/div>\n\n<div class=\"wp-block-image\">\n<figure class=\"alignright size-large is-resized\"><img decoding=\"async\" loading=\"lazy\" src=\"https:\/\/kinderbetreuung-neutraubling.de\/kindergarten-sausewind\/wp-content\/uploads\/sites\/4\/2021\/02\/B\u00fcgelperlen.jpg\" alt=\"\" class=\"wp-image-563\" width=\"435\" height=\"244\" srcset=\"https:\/\/kinderbetreuung-neutraubling.de\/kindergarten-sausewind\/wp-content\/uploads\/sites\/4\/2021\/02\/B\u00fcgelperlen.jpg 666w, https:\/\/kinderbetreuung-neutraubling.de\/kindergarten-sausewind\/wp-content\/uploads\/sites\/4\/2021\/02\/B\u00fcgelperlen-300x169.jpg 300w\" sizes=\"(max-width: 435px) 100vw, 435px\" \/><\/figure><\/div>\n\n\n<div style=\"height:39px\" aria-hidden=\"true\" class=\"wp-block-spacer\"><\/div>\n\n\n\n<h2 class=\"has-luminous-vivid-orange-color has-text-color\">Gesundheitserziehung<\/h2>\n\n\n\n<p>RUNDUM gesunde Kinder werden sp\u00e4ter GANZHEITLICH gesunde Erwachsene! <\/p>\n\n\n\n<figure class=\"wp-block-image size-large is-resized\"><img decoding=\"async\" loading=\"lazy\" src=\"https:\/\/kinderbetreuung-neutraubling.de\/kindergarten-sausewind\/wp-content\/uploads\/sites\/4\/2021\/02\/Brotzeitbox.jpeg\" alt=\"\" class=\"wp-image-604\" width=\"340\" height=\"256\" srcset=\"https:\/\/kinderbetreuung-neutraubling.de\/kindergarten-sausewind\/wp-content\/uploads\/sites\/4\/2021\/02\/Brotzeitbox.jpeg 576w, https:\/\/kinderbetreuung-neutraubling.de\/kindergarten-sausewind\/wp-content\/uploads\/sites\/4\/2021\/02\/Brotzeitbox-300x226.jpeg 300w\" sizes=\"(max-width: 340px) 100vw, 340px\" \/><figcaption class=\"wp-element-caption\">gesunde Brotzeit<\/figcaption><\/figure>\n","protected":false},"excerpt":{"rendered":"<p>Unsere Konzeption: Unser Kinderschutzkonzept: Unser Bild vom Kind Bedeutung des Spiels f\u00fcr die Entwicklung der Kinder Spielsituationen sind immer auch Lernsituationen f\u00fcr die Kinder. Gerade im freien Spiel k\u00f6nnen Kinder ausprobieren, lernen das soziale Miteinander und Freundschaften entstehen. Spiel ist Vorbereitung aufs Leben und auf die Schule. Kinder lernen R\u00fccksicht zu nehmen, warten k\u00f6nnen (Geduld) [&hellip;]<\/p>\n","protected":false},"author":2,"featured_media":0,"parent":0,"menu_order":0,"comment_status":"closed","ping_status":"closed","template":"","meta":{"ocean_post_layout":"","ocean_both_sidebars_style":"","ocean_both_sidebars_content_width":0,"ocean_both_sidebars_sidebars_width":0,"ocean_sidebar":"","ocean_second_sidebar":"","ocean_disable_margins":"enable","ocean_add_body_class":"","ocean_shortcode_before_top_bar":"","ocean_shortcode_after_top_bar":"","ocean_shortcode_before_header":"","ocean_shortcode_after_header":"","ocean_has_shortcode":"","ocean_shortcode_after_title":"","ocean_shortcode_before_footer_widgets":"","ocean_shortcode_after_footer_widgets":"","ocean_shortcode_before_footer_bottom":"","ocean_shortcode_after_footer_bottom":"","ocean_display_top_bar":"default","ocean_display_header":"default","ocean_header_style":"","ocean_center_header_left_menu":"","ocean_custom_header_template":"","ocean_custom_logo":0,"ocean_custom_retina_logo":0,"ocean_custom_logo_max_width":0,"ocean_custom_logo_tablet_max_width":0,"ocean_custom_logo_mobile_max_width":0,"ocean_custom_logo_max_height":0,"ocean_custom_logo_tablet_max_height":0,"ocean_custom_logo_mobile_max_height":0,"ocean_header_custom_menu":"","ocean_menu_typo_font_family":"","ocean_menu_typo_font_subset":"","ocean_menu_typo_font_size":0,"ocean_menu_typo_font_size_tablet":0,"ocean_menu_typo_font_size_mobile":0,"ocean_menu_typo_font_size_unit":"px","ocean_menu_typo_font_weight":"","ocean_menu_typo_font_weight_tablet":"","ocean_menu_typo_font_weight_mobile":"","ocean_menu_typo_transform":"","ocean_menu_typo_transform_tablet":"","ocean_menu_typo_transform_mobile":"","ocean_menu_typo_line_height":0,"ocean_menu_typo_line_height_tablet":0,"ocean_menu_typo_line_height_mobile":0,"ocean_menu_typo_line_height_unit":"","ocean_menu_typo_spacing":0,"ocean_menu_typo_spacing_tablet":0,"ocean_menu_typo_spacing_mobile":0,"ocean_menu_typo_spacing_unit":"","ocean_menu_link_color":"","ocean_menu_link_color_hover":"","ocean_menu_link_color_active":"","ocean_menu_link_background":"","ocean_menu_link_hover_background":"","ocean_menu_link_active_background":"","ocean_menu_social_links_bg":"","ocean_menu_social_hover_links_bg":"","ocean_menu_social_links_color":"","ocean_menu_social_hover_links_color":"","ocean_disable_title":"default","ocean_disable_heading":"default","ocean_post_title":"","ocean_post_subheading":"","ocean_post_title_style":"","ocean_post_title_background_color":"","ocean_post_title_background":0,"ocean_post_title_bg_image_position":"","ocean_post_title_bg_image_attachment":"","ocean_post_title_bg_image_repeat":"","ocean_post_title_bg_image_size":"","ocean_post_title_height":0,"ocean_post_title_bg_overlay":0.5,"ocean_post_title_bg_overlay_color":"","ocean_disable_breadcrumbs":"default","ocean_breadcrumbs_color":"","ocean_breadcrumbs_separator_color":"","ocean_breadcrumbs_links_color":"","ocean_breadcrumbs_links_hover_color":"","ocean_display_footer_widgets":"default","ocean_display_footer_bottom":"default","ocean_custom_footer_template":""},"_links":{"self":[{"href":"https:\/\/kinderbetreuung-neutraubling.de\/kindergarten-sausewind\/wp-json\/wp\/v2\/pages\/114"}],"collection":[{"href":"https:\/\/kinderbetreuung-neutraubling.de\/kindergarten-sausewind\/wp-json\/wp\/v2\/pages"}],"about":[{"href":"https:\/\/kinderbetreuung-neutraubling.de\/kindergarten-sausewind\/wp-json\/wp\/v2\/types\/page"}],"author":[{"embeddable":true,"href":"https:\/\/kinderbetreuung-neutraubling.de\/kindergarten-sausewind\/wp-json\/wp\/v2\/users\/2"}],"replies":[{"embeddable":true,"href":"https:\/\/kinderbetreuung-neutraubling.de\/kindergarten-sausewind\/wp-json\/wp\/v2\/comments?post=114"}],"version-history":[{"count":88,"href":"https:\/\/kinderbetreuung-neutraubling.de\/kindergarten-sausewind\/wp-json\/wp\/v2\/pages\/114\/revisions"}],"predecessor-version":[{"id":1306,"href":"https:\/\/kinderbetreuung-neutraubling.de\/kindergarten-sausewind\/wp-json\/wp\/v2\/pages\/114\/revisions\/1306"}],"wp:attachment":[{"href":"https:\/\/kinderbetreuung-neutraubling.de\/kindergarten-sausewind\/wp-json\/wp\/v2\/media?parent=114"}],"curies":[{"name":"wp","href":"https:\/\/api.w.org\/{rel}","templated":true}]}}